{"id":2,"date":"2023-01-25T12:32:10","date_gmt":"2023-01-25T12:32:10","guid":{"rendered":"http:\/\/elpazoworkshop.com\/?page_id=2"},"modified":"2026-03-19T09:47:37","modified_gmt":"2026-03-19T09:47:37","slug":"taller-de-arte-floral","status":"publish","type":"page","link":"https:\/\/elpazoworkshop.com\/","title":{"rendered":"WORKSHOP"},"content":{"rendered":"<p>[et_pb_section fb_built=\u00bb1&#8243; admin_label=\u00bbHeader\u00bb _builder_version=\u00bb4.27.4&#8243; _module_preset=\u00bbdefault\u00bb use_background_color_gradient=\u00bbon\u00bb background_color_gradient_stops=\u00bbrgba(58,37,25,0.85) 0%|rgba(58,37,25,0) 100%\u00bb background_color_gradient_overlays_image=\u00bbon\u00bb background_enable_image=\u00bboff\u00bb background_video_mp4=\u00bbhttps:\/\/elpazoworkshop.com\/wp-content\/uploads\/2025\/01\/fondoelpazo.mp4&#8243; background_pattern_repeat_origin=\u00bbcenter\u00bb min_height=\u00bb600px\u00bb custom_padding=\u00bb||0px|0px|false|false\u00bb background_last_edited=\u00bbon|desktop\u00bb background_video_mp4_phone=\u00bbhttps:\/\/elpazoworkshop.com\/wp-content\/uploads\/2025\/01\/fondo-movil.mp4&#8243; background_enable_video_mp4_phone=\u00bbon\u00bb collapsed=\u00bbon\u00bb global_colors_info=\u00bb{}\u00bb][\/et_pb_section][et_pb_section fb_built=\u00bb1&#8243; admin_label=\u00bbCall to Action\u00bb _builder_version=\u00bb4.19.2&#8243; _module_preset=\u00bbdefault\u00bb collapsed=\u00bbon\u00bb global_colors_info=\u00bb{}\u00bb][et_pb_row _builder_version=\u00bb4.19.2&#8243; _module_preset=\u00bbdefault\u00bb max_width=\u00bb700px\u00bb global_colors_info=\u00bb{}\u00bb][et_pb_column type=\u00bb4_4&#8243; _builder_version=\u00bb4.19.2&#8243; _module_preset=\u00bbdefault\u00bb global_colors_info=\u00bb{}\u00bb][et_pb_text _builder_version=\u00bb4.27.4&#8243; _module_preset=\u00bb_initial\u00bb header_font=\u00bbBlack Mango||||||||\u00bb header_2_font=\u00bbBlack Mango||||||||\u00bb header_2_font_size=\u00bb60px\u00bb header_2_line_height=\u00bb1.2em\u00bb header_3_font=\u00bbKiona||||||||\u00bb animation_style=\u00bbslide\u00bb animation_direction=\u00bbtop\u00bb animation_duration=\u00bb750ms\u00bb header_2_font_size_tablet=\u00bb32px\u00bb header_2_font_size_phone=\u00bb45px\u00bb header_2_font_size_last_edited=\u00bbon|phone\u00bb header_3_font_size_tablet=\u00bb\u00bb header_3_font_size_phone=\u00bb21px\u00bb header_3_font_size_last_edited=\u00bbon|phone\u00bb global_colors_info=\u00bb{}\u00bb]<\/p>\n<h2>EL PAZO<\/h2>\n<h3><b>Una Fusi\u00f3n de Creatividad y Tradici\u00f3n<\/b><\/h3>\n<p><b><\/b><\/p>\n<p>[\/et_pb_text][et_pb_text _builder_version=\u00bb4.27.4&#8243; _module_preset=\u00bb_initial\u00bb text_font=\u00bbLeague Spartan||||||||\u00bb text_text_color=\u00bb#231f20&#8243; text_font_size=\u00bb24px\u00bb text_line_height=\u00bb1.8em\u00bb animation_style=\u00bbfade\u00bb text_font_size_tablet=\u00bb16px\u00bb text_font_size_phone=\u00bb19px\u00bb text_font_size_last_edited=\u00bbon|phone\u00bb global_colors_info=\u00bb{}\u00bb]<\/p>\n<p class=\"p1\">En este workshop, invitamos a los participantes a sumergirse en un universo donde el arte floral y la artesan\u00eda dialogan, se entrelazan y cobran vida.<\/p>\n<p>[\/et_pb_text][\/et_pb_column][\/et_pb_row][\/et_pb_section][et_pb_section fb_built=\u00bb1&#8243; admin_label=\u00bbImages &#038; Video\u00bb _builder_version=\u00bb4.19.2&#8243; _module_preset=\u00bbdefault\u00bb use_background_color_gradient=\u00bbon\u00bb background_color_gradient_direction=\u00bb90deg\u00bb background_color_gradient_stops=\u00bbgcid-68c6b9ad-55a2-4756-9f20-a801af585cf6 64%|gcid-fa957022-7f68-4c63-9382-2437a00591d9 64%\u00bb custom_padding=\u00bb||0px||false|false\u00bb background_last_edited=\u00bbon|desktop\u00bb background_color_gradient_direction_tablet=\u00bb180deg\u00bb box_shadow_style=\u00bbpreset7&#8243; box_shadow_horizontal=\u00bb0px\u00bb box_shadow_vertical=\u00bb23vw\u00bb box_shadow_color=\u00bb#FFFFFF\u00bb collapsed=\u00bbon\u00bb global_colors_info=\u00bb{%22gcid-68c6b9ad-55a2-4756-9f20-a801af585cf6%22:%91%22background_color_gradient_stops%22%93,%22gcid-fa957022-7f68-4c63-9382-2437a00591d9%22:%91%22background_color_gradient_stops%22%93}\u00bb][et_pb_row column_structure=\u00bb1_2,1_2&#8243; _builder_version=\u00bb4.19.2&#8243; _module_preset=\u00bbdefault\u00bb global_colors_info=\u00bb{}\u00bb][et_pb_column type=\u00bb1_2&#8243; _builder_version=\u00bb4.19.2&#8243; _module_preset=\u00bbdefault\u00bb global_colors_info=\u00bb{}\u00bb][et_pb_image src=\u00bbhttps:\/\/elpazoworkshop.com\/wp-content\/uploads\/2025\/02\/workshop_flores_artesania_2.jpg\u00bb title_text=\u00bbworkshop_flores_artesania_2&#8243; _builder_version=\u00bb4.27.4&#8243; _module_preset=\u00bbdefault\u00bb custom_margin=\u00bb|||-26vw|false|false\u00bb custom_padding=\u00bb||0px|||\u00bb animation_style=\u00bbslide\u00bb animation_direction=\u00bbleft\u00bb global_colors_info=\u00bb{}\u00bb][\/et_pb_image][et_pb_text _builder_version=\u00bb4.27.4&#8243; _module_preset=\u00bb_initial\u00bb text_font=\u00bbLeague Spartan||||||||\u00bb text_text_color=\u00bb#231f20&#8243; text_font_size=\u00bb24px\u00bb text_line_height=\u00bb1.8em\u00bb animation_style=\u00bbfade\u00bb text_font_size_tablet=\u00bb16px\u00bb text_font_size_phone=\u00bb19px\u00bb text_font_size_last_edited=\u00bbon|phone\u00bb global_colors_info=\u00bb{}\u00bb]<\/p>\n<p class=\"p1\">Esta experiencia busca celebrar la riqueza de ambas disciplinas, explorando sus conexiones desde una perspectiva creativa y contempor\u00e1nea.<\/p>\n<p>[\/et_pb_text][et_pb_button button_url=\u00bb#taller\u00bb button_text=\u00bbSaber m\u00e1s\u00bb _builder_version=\u00bb4.27.4&#8243; _module_preset=\u00bb_initial\u00bb custom_button=\u00bbon\u00bb button_text_size=\u00bb14px\u00bb button_text_color=\u00bb#c6cdc9&#8243; button_bg_color=\u00bb#7c5f53&#8243; button_border_width=\u00bb0px\u00bb button_border_radius=\u00bb0px\u00bb button_letter_spacing=\u00bb0.2em\u00bb button_font=\u00bbMontserrat|700||on|||||\u00bb custom_padding=\u00bb16px|24px|16px|24px|true|true\u00bb animation_style=\u00bbfade\u00bb global_colors_info=\u00bb{}\u00bb][\/et_pb_button][\/et_pb_column][et_pb_column type=\u00bb1_2&#8243; _builder_version=\u00bb4.19.2&#8243; _module_preset=\u00bbdefault\u00bb custom_padding=\u00bb10vw||||false|false\u00bb global_colors_info=\u00bb{}\u00bb][et_pb_text _builder_version=\u00bb4.27.4&#8243; _module_preset=\u00bb_initial\u00bb header_font=\u00bbBlack Mango||||||||\u00bb header_2_font=\u00bbBlack Mango||||||||\u00bb header_2_font_size=\u00bb50px\u00bb header_2_line_height=\u00bb1.2em\u00bb header_3_font=\u00bbKiona||||||||\u00bb animation_style=\u00bbslide\u00bb animation_direction=\u00bbtop\u00bb animation_duration=\u00bb750ms\u00bb header_2_font_size_tablet=\u00bb32px\u00bb header_2_font_size_phone=\u00bb45px\u00bb header_2_font_size_last_edited=\u00bbon|phone\u00bb header_3_font_size_tablet=\u00bb\u00bb header_3_font_size_phone=\u00bb21px\u00bb header_3_font_size_last_edited=\u00bbon|phone\u00bb global_colors_info=\u00bb{}\u00bb]<\/p>\n<h2>Est\u00e1 dise\u00f1ado para aquellos que buscan inspiraci\u00f3n, crecimiento<br \/>personal y conexi\u00f3n con una comunidad creativa \u00fanica.<\/h2>\n<p><b><\/b><\/p>\n<p>[\/et_pb_text][\/et_pb_column][\/et_pb_row][\/et_pb_section][et_pb_section fb_built=\u00bb1&#8243; admin_label=\u00bbMenu\u00bb _builder_version=\u00bb4.19.2&#8243; _module_preset=\u00bbdefault\u00bb saved_tabs=\u00bball\u00bb locked=\u00bboff\u00bb collapsed=\u00bbon\u00bb global_colors_info=\u00bb{}\u00bb][et_pb_row _builder_version=\u00bb4.19.2&#8243; _module_preset=\u00bbdefault\u00bb custom_padding=\u00bb24px|||||\u00bb global_colors_info=\u00bb{}\u00bb][et_pb_column type=\u00bb4_4&#8243; _builder_version=\u00bb4.19.2&#8243; _module_preset=\u00bbdefault\u00bb global_colors_info=\u00bb{}\u00bb][et_pb_text _builder_version=\u00bb4.27.4&#8243; _module_preset=\u00bb_initial\u00bb header_font=\u00bbBlack Mango||||||||\u00bb header_2_font=\u00bbBlack Mango||||||||\u00bb header_2_font_size=\u00bb60px\u00bb header_2_line_height=\u00bb1.2em\u00bb header_3_font=\u00bbKiona||||||||\u00bb animation_style=\u00bbslide\u00bb animation_direction=\u00bbtop\u00bb animation_duration=\u00bb750ms\u00bb header_2_font_size_tablet=\u00bb32px\u00bb header_2_font_size_phone=\u00bb45px\u00bb header_2_font_size_last_edited=\u00bbon|phone\u00bb header_3_font_size_tablet=\u00bb\u00bb header_3_font_size_phone=\u00bb21px\u00bb header_3_font_size_last_edited=\u00bbon|phone\u00bb global_colors_info=\u00bb{}\u00bb]<\/p>\n<h2 style=\"text-align: left;\">Nuestros Ponentes 2026<\/h2>\n<p>[\/et_pb_text][\/et_pb_column][\/et_pb_row][et_pb_row column_structure=\u00bb1_2,1_2&#8243; _builder_version=\u00bb4.27.4&#8243; _module_preset=\u00bbdefault\u00bb background_enable_mask_style=\u00bbon\u00bb background_mask_style=\u00bbbean\u00bb background_mask_color=\u00bb#768F73&#8243; background_mask_transform=\u00bbinvert\u00bb global_colors_info=\u00bb{}\u00bb][et_pb_column type=\u00bb1_2&#8243; _builder_version=\u00bb4.27.4&#8243; _module_preset=\u00bbdefault\u00bb global_colors_info=\u00bb{}\u00bb][et_pb_image src=\u00bbhttps:\/\/elpazoworkshop.com\/wp-content\/uploads\/2026\/02\/Frederic_dupre_elpazo_workshop.webp\u00bb title_text=\u00bbFrederic_dupre_elpazo_workshop\u00bb _builder_version=\u00bb4.27.5&#8243; _module_preset=\u00bbdefault\u00bb max_width=\u00bb80%\u00bb module_alignment=\u00bbright\u00bb custom_padding=\u00bb133px||||false|false\u00bb custom_padding_tablet=\u00bb133px||||false|false\u00bb custom_padding_phone=\u00bb0px||||false|false\u00bb custom_padding_last_edited=\u00bbon|phone\u00bb scroll_vertical_motion_enable=\u00bbon\u00bb scroll_vertical_motion=\u00bb0|50|50|100|1|0|0.5&#8243; global_colors_info=\u00bb{}\u00bb][\/et_pb_image][\/et_pb_column][et_pb_column type=\u00bb1_2&#8243; _builder_version=\u00bb4.27.4&#8243; _module_preset=\u00bbdefault\u00bb global_colors_info=\u00bb{}\u00bb][et_pb_image src=\u00bbhttps:\/\/elpazoworkshop.com\/wp-content\/uploads\/2026\/02\/Frederic_dupre_workshop.webp\u00bb title_text=\u00bbFrederic_dupre_workshop\u00bb _builder_version=\u00bb4.27.5&#8243; _module_preset=\u00bbdefault\u00bb max_width=\u00bb80%\u00bb scroll_vertical_motion_enable=\u00bbon\u00bb scroll_vertical_motion=\u00bb0|50|50|100|1|0|-0.5&#8243; global_colors_info=\u00bb{}\u00bb][\/et_pb_image][dsm_shapes shapes_type=\u00bbblob_eight\u00bb shapes_square_size=\u00bb211&#8243; _builder_version=\u00bb4.27.4&#8243; _module_preset=\u00bbdefault\u00bb custom_margin=\u00bb-138px|||-14px|false|false\u00bb custom_margin_tablet=\u00bb-138px|||-14px|false|false\u00bb custom_margin_phone=\u00bb-138px|||-14px|false|false\u00bb custom_margin_last_edited=\u00bbon|desktop\u00bb custom_padding_tablet=\u00bb\u00bb custom_padding_phone=\u00bb\u00bb custom_padding_last_edited=\u00bbon|desktop\u00bb box_shadow_style_shapes=\u00bbpreset2&#8243; global_colors_info=\u00bb{}\u00bb][\/dsm_shapes][et_pb_text _builder_version=\u00bb4.27.5&#8243; _module_preset=\u00bbdefault\u00bb header_font_size=\u00bb32px\u00bb header_3_font=\u00bbBlack Mango|800|||||||\u00bb header_3_text_color=\u00bb#EBEBEB\u00bb header_3_font_size=\u00bb34px\u00bb header_3_line_height=\u00bb0.7em\u00bb custom_margin=\u00bb-173px|||11px|false|false\u00bb custom_margin_tablet=\u00bb-173px|||11px|false|false\u00bb custom_margin_phone=\u00bb-173px|||11px|false|false\u00bb custom_margin_last_edited=\u00bbon|desktop\u00bb global_colors_info=\u00bb{}\u00bb]<\/p>\n<h3>FR\u00c9D\u00c9RIC<\/h3>\n<h3>DUPRE<\/h3>\n<p>[\/et_pb_text][\/et_pb_column][\/et_pb_row][et_pb_row _builder_version=\u00bb4.27.4&#8243; _module_preset=\u00bbdefault\u00bb global_colors_info=\u00bb{}\u00bb][et_pb_column type=\u00bb4_4&#8243; _builder_version=\u00bb4.27.4&#8243; _module_preset=\u00bbdefault\u00bb global_colors_info=\u00bb{}\u00bb][et_pb_text _builder_version=\u00bb4.27.5&#8243; _module_preset=\u00bbdefault\u00bb header_3_font=\u00bbKiona||||||||\u00bb custom_margin=\u00bb29px||||false|false\u00bb custom_margin_tablet=\u00bb29px||||false|false\u00bb custom_margin_phone=\u00bb29px||||false|false\u00bb custom_margin_last_edited=\u00bbon|desktop\u00bb animation_style=\u00bbfade\u00bb global_colors_info=\u00bb{}\u00bb]<\/p>\n<h3><a href=\"https:\/\/www.instagram.com\/fredericdupreflorist\/?hl=es\" target=\"_blank\" rel=\"noopener\"><strong>Fr\u00e9deric Dupr\u00e9<\/strong><\/a><br \/>Maestro Floral Internacional y Paisajista. Mejor Artesano de FRANCIA. <a href=\"https:\/\/www.instagram.com\/fredericdupreflorist\">@fredericdupreflorist<\/a><\/h3>\n<section class=\"x1xdureb x1agbcgv x1lhsz42 xieb3on xr1yuqi x6ikm8r x10wlt62 xs5motx\">\n<div class=\"x6s0dn4 x78zum5 x1q0g3np xs83m0k xeuugli x1n2onr6\">\n<div class=\"x1q0g3np x2lah0s\">\n<div class=\"x1i10hfl x972fbf xcfux6l x1qhh985 xm0m39n x9f619 xe8uvvx xdj266r x11i5rnm xat24cr x1mh8g0r x16tdsg8 x1hl2dhg xggy1nq x1a2a7pz x6s0dn4 xjbqb8w x1ejq31n xd10rxx x1sy0etr x17r0tee x1ypdohk x78zum5 xl56j7k x1y1aw1k x1sxyh0 xwib8y2 xurb0ha xcdnw81\" role=\"button\" tabindex=\"0\">\n<div class=\"x6s0dn4 x78zum5 xdt5ytf xl56j7k\"><\/div>\n<\/div>\n<\/div>\n<\/div>\n<\/section>\n<p>[\/et_pb_text][\/et_pb_column][\/et_pb_row][et_pb_row column_structure=\u00bb1_2,1_2&#8243; _builder_version=\u00bb4.27.4&#8243; _module_preset=\u00bbdefault\u00bb background_enable_mask_style=\u00bbon\u00bb background_mask_style=\u00bbbean\u00bb background_mask_color=\u00bb#7C5F53&#8243; background_mask_transform=\u00bbinvert\u00bb global_colors_info=\u00bb{}\u00bb][et_pb_column type=\u00bb1_2&#8243; _builder_version=\u00bb4.27.4&#8243; _module_preset=\u00bbdefault\u00bb global_colors_info=\u00bb{}\u00bb][et_pb_image src=\u00bbhttps:\/\/elpazoworkshop.com\/wp-content\/uploads\/2025\/02\/Antonio-trabajo.png\u00bb title_text=\u00bbAntonio trabajo\u00bb _builder_version=\u00bb4.27.4&#8243; _module_preset=\u00bbdefault\u00bb max_width=\u00bb80%\u00bb module_alignment=\u00bbright\u00bb custom_padding=\u00bb133px||||false|false\u00bb custom_padding_tablet=\u00bb133px||||false|false\u00bb custom_padding_phone=\u00bb0px||||false|false\u00bb custom_padding_last_edited=\u00bbon|phone\u00bb scroll_vertical_motion_enable=\u00bbon\u00bb scroll_vertical_motion=\u00bb0|50|50|100|1|0|0.5&#8243; global_colors_info=\u00bb{}\u00bb][\/et_pb_image][\/et_pb_column][et_pb_column type=\u00bb1_2&#8243; _builder_version=\u00bb4.27.4&#8243; _module_preset=\u00bbdefault\u00bb global_colors_info=\u00bb{}\u00bb][et_pb_image src=\u00bbhttps:\/\/elpazoworkshop.com\/wp-content\/uploads\/2025\/02\/Antonio-Martinez.png\u00bb title_text=\u00bbAntonio Martinez\u00bb _builder_version=\u00bb4.27.4&#8243; _module_preset=\u00bbdefault\u00bb max_width=\u00bb80%\u00bb scroll_vertical_motion_enable=\u00bbon\u00bb scroll_vertical_motion=\u00bb0|50|50|100|1|0|-0.5&#8243; global_colors_info=\u00bb{}\u00bb][\/et_pb_image][dsm_shapes shapes_type=\u00bbblob_eight\u00bb shapes_square_size=\u00bb211&#8243; shape_color=\u00bb#7C5F53&#8243; _builder_version=\u00bb4.27.4&#8243; _module_preset=\u00bbdefault\u00bb custom_margin=\u00bb-138px|||-14px|false|false\u00bb custom_margin_tablet=\u00bb-138px|||-14px|false|false\u00bb custom_margin_phone=\u00bb-138px|||-14px|false|false\u00bb custom_margin_last_edited=\u00bbon|desktop\u00bb custom_padding_tablet=\u00bb\u00bb custom_padding_phone=\u00bb\u00bb custom_padding_last_edited=\u00bbon|desktop\u00bb box_shadow_style_shapes=\u00bbpreset2&#8243; global_colors_info=\u00bb{}\u00bb][\/dsm_shapes][et_pb_text _builder_version=\u00bb4.27.4&#8243; _module_preset=\u00bbdefault\u00bb header_font_size=\u00bb32px\u00bb header_3_font=\u00bbBlack Mango|800|||||||\u00bb header_3_text_color=\u00bb#EBEBEB\u00bb header_3_font_size=\u00bb34px\u00bb header_3_line_height=\u00bb0.7em\u00bb custom_margin=\u00bb-173px|||11px|false|false\u00bb custom_margin_tablet=\u00bb-173px|||11px|false|false\u00bb custom_margin_phone=\u00bb-173px|||11px|false|false\u00bb custom_margin_last_edited=\u00bbon|desktop\u00bb global_colors_info=\u00bb{}\u00bb]<\/p>\n<h3>Antonio<\/h3>\n<h3>Mart\u00ednez<\/h3>\n<p>[\/et_pb_text][\/et_pb_column][\/et_pb_row][et_pb_row _builder_version=\u00bb4.27.4&#8243; _module_preset=\u00bbdefault\u00bb global_colors_info=\u00bb{}\u00bb][et_pb_column type=\u00bb4_4&#8243; _builder_version=\u00bb4.27.4&#8243; _module_preset=\u00bbdefault\u00bb global_colors_info=\u00bb{}\u00bb][et_pb_text _builder_version=\u00bb4.27.4&#8243; _module_preset=\u00bbdefault\u00bb header_3_font=\u00bbKiona||||||||\u00bb custom_margin=\u00bb29px||||false|false\u00bb custom_margin_tablet=\u00bb29px||||false|false\u00bb custom_margin_phone=\u00bb29px||||false|false\u00bb custom_margin_last_edited=\u00bbon|desktop\u00bb animation_style=\u00bbfade\u00bb global_colors_info=\u00bb{}\u00bb]<\/p>\n<h3><a href=\"https:\/\/www.comunidadfloral.com\/\"><strong>ANTONIO MART\u00cdNEZ <\/strong><\/a>|<\/h3>\n<h3>La Fabrica workshop, Comunidad Floral, Nature Formaci\u00f3n. Master en Marketing, Maestro internacional,\u00a0Andaluc\u00eda, Espa\u00f1a. <a href=\"https:\/\/www.instagram.com\/antonionature\/\">@<span style=\"font-size: 16px;\">antonionature<\/span><\/a><\/h3>\n<section class=\"x1xdureb x1agbcgv x1lhsz42 xieb3on xr1yuqi x6ikm8r x10wlt62 xs5motx\">\n<div class=\"x6s0dn4 x78zum5 x1q0g3np xs83m0k xeuugli x1n2onr6\">\n<div class=\"x1q0g3np x2lah0s\">\n<div class=\"x1i10hfl x972fbf xcfux6l x1qhh985 xm0m39n x9f619 xe8uvvx xdj266r x11i5rnm xat24cr x1mh8g0r x16tdsg8 x1hl2dhg xggy1nq x1a2a7pz x6s0dn4 xjbqb8w x1ejq31n xd10rxx x1sy0etr x17r0tee x1ypdohk x78zum5 xl56j7k x1y1aw1k x1sxyh0 xwib8y2 xurb0ha xcdnw81\" role=\"button\" tabindex=\"0\">\n<div class=\"x6s0dn4 x78zum5 xdt5ytf xl56j7k\"><\/div>\n<\/div>\n<\/div>\n<\/div>\n<\/section>\n<section class=\"x1xdureb x1agbcgv x1lhsz42 xieb3on xr1yuqi x6ikm8r x10wlt62 xs5motx\">\n<div class=\"x6s0dn4 x78zum5 x1q0g3np xs83m0k xeuugli x1n2onr6\">\n<div class=\"x1q0g3np x2lah0s\">\n<div class=\"x1i10hfl x972fbf xcfux6l x1qhh985 xm0m39n x9f619 xe8uvvx xdj266r x11i5rnm xat24cr x1mh8g0r x16tdsg8 x1hl2dhg xggy1nq x1a2a7pz x6s0dn4 xjbqb8w x1ejq31n xd10rxx x1sy0etr x17r0tee x1ypdohk x78zum5 xl56j7k x1y1aw1k x1sxyh0 xwib8y2 xurb0ha xcdnw81\" role=\"button\" tabindex=\"0\">\n<div class=\"x6s0dn4 x78zum5 xdt5ytf xl56j7k\"><\/div>\n<\/div>\n<\/div>\n<\/div>\n<\/section>\n<p>[\/et_pb_text][\/et_pb_column][\/et_pb_row][et_pb_row column_structure=\u00bb1_2,1_2&#8243; _builder_version=\u00bb4.27.4&#8243; _module_preset=\u00bbdefault\u00bb background_enable_mask_style=\u00bbon\u00bb background_mask_style=\u00bbbean\u00bb background_mask_color=\u00bb#F9AE35&#8243; background_mask_transform=\u00bbinvert\u00bb custom_padding=\u00bb27px|||||\u00bb global_colors_info=\u00bb{}\u00bb][et_pb_column type=\u00bb1_2&#8243; _builder_version=\u00bb4.27.4&#8243; _module_preset=\u00bbdefault\u00bb global_colors_info=\u00bb{}\u00bb][et_pb_image src=\u00bbhttps:\/\/elpazoworkshop.com\/wp-content\/uploads\/2025\/02\/Patri-Trabajo.png\u00bb title_text=\u00bbPatri Trabajo\u00bb _builder_version=\u00bb4.27.4&#8243; _module_preset=\u00bbdefault\u00bb max_width=\u00bb80%\u00bb module_alignment=\u00bbright\u00bb custom_padding=\u00bb133px||||false|false\u00bb custom_padding_tablet=\u00bb133px||||false|false\u00bb custom_padding_phone=\u00bb0px||||false|false\u00bb custom_padding_last_edited=\u00bbon|phone\u00bb scroll_vertical_motion_enable=\u00bbon\u00bb scroll_vertical_motion=\u00bb0|50|50|100|1|0|0.5&#8243; global_colors_info=\u00bb{}\u00bb][\/et_pb_image][\/et_pb_column][et_pb_column type=\u00bb1_2&#8243; _builder_version=\u00bb4.27.4&#8243; _module_preset=\u00bbdefault\u00bb global_colors_info=\u00bb{}\u00bb][et_pb_image src=\u00bbhttps:\/\/elpazoworkshop.com\/wp-content\/uploads\/2025\/02\/Parti-Aguin.png\u00bb title_text=\u00bbParti Aguin\u00bb _builder_version=\u00bb4.27.4&#8243; _module_preset=\u00bbdefault\u00bb max_width=\u00bb80%\u00bb scroll_vertical_motion_enable=\u00bbon\u00bb scroll_vertical_motion=\u00bb0|50|50|100|1|0|-0.5&#8243; global_colors_info=\u00bb{}\u00bb][\/et_pb_image][dsm_shapes shapes_type=\u00bbblob_eight\u00bb shapes_square_size=\u00bb211&#8243; shape_color=\u00bb#e0a22f\u00bb _builder_version=\u00bb4.27.4&#8243; _module_preset=\u00bbdefault\u00bb custom_margin=\u00bb-138px|||-14px|false|false\u00bb custom_margin_tablet=\u00bb-138px|||-14px|false|false\u00bb custom_margin_phone=\u00bb-138px|||-14px|false|false\u00bb custom_margin_last_edited=\u00bbon|desktop\u00bb custom_padding_tablet=\u00bb\u00bb custom_padding_phone=\u00bb\u00bb custom_padding_last_edited=\u00bbon|desktop\u00bb box_shadow_style_shapes=\u00bbpreset2&#8243; global_colors_info=\u00bb{}\u00bb][\/dsm_shapes][et_pb_text _builder_version=\u00bb4.27.4&#8243; _module_preset=\u00bbdefault\u00bb header_font_size=\u00bb32px\u00bb header_3_font=\u00bbBlack Mango|800|||||||\u00bb header_3_text_color=\u00bb#EBEBEB\u00bb header_3_font_size=\u00bb34px\u00bb header_3_line_height=\u00bb0.7em\u00bb custom_margin=\u00bb-173px|||11px|false|false\u00bb custom_margin_tablet=\u00bb-173px|||11px|false|false\u00bb custom_margin_phone=\u00bb-173px|||11px|false|false\u00bb custom_margin_last_edited=\u00bbon|desktop\u00bb global_colors_info=\u00bb{}\u00bb]<\/p>\n<h3>Patricia<\/h3>\n<h3>Agu\u00edn<\/h3>\n<p>&nbsp;<\/p>\n<p>[\/et_pb_text][\/et_pb_column][\/et_pb_row][et_pb_row _builder_version=\u00bb4.27.4&#8243; _module_preset=\u00bbdefault\u00bb global_colors_info=\u00bb{}\u00bb][et_pb_column type=\u00bb4_4&#8243; _builder_version=\u00bb4.27.4&#8243; _module_preset=\u00bbdefault\u00bb global_colors_info=\u00bb{}\u00bb][et_pb_text _builder_version=\u00bb4.27.4&#8243; _module_preset=\u00bbdefault\u00bb header_3_font=\u00bbKiona||||||||\u00bb custom_margin=\u00bb29px||||false|false\u00bb custom_margin_tablet=\u00bb29px||||false|false\u00bb custom_margin_phone=\u00bb29px||||false|false\u00bb custom_margin_last_edited=\u00bbon|desktop\u00bb animation_style=\u00bbfade\u00bb global_colors_info=\u00bb{}\u00bb]<\/p>\n<h3><a href=\"https:\/\/florearte.es\" target=\"_blank\" rel=\"noopener\" title=\"PATRICIA AGUIN\"><strong>PATRICIA AGU\u00cdN <\/strong>|<\/a><\/h3>\n<h3>Florearte. Ingeniera Forestal. Ganadora MAF 22. Top 5 World Cup. Galicia, Espa\u00f1a. <a href=\"https:\/\/www.instagram.com\/patriaguin\/?hl=es\" target=\"_blank\" rel=\"noopener\" title=\"@patriaguin\">@<span style=\"font-size: 16px;\">patriaguin<\/span><\/a><\/h3>\n<section class=\"x1xdureb x1agbcgv x1lhsz42 xieb3on xr1yuqi x6ikm8r x10wlt62 xs5motx\">\n<div class=\"x6s0dn4 x78zum5 x1q0g3np xs83m0k xeuugli x1n2onr6\">\n<div class=\"x1q0g3np x2lah0s\">\n<div class=\"x1i10hfl x972fbf xcfux6l x1qhh985 xm0m39n x9f619 xe8uvvx xdj266r x11i5rnm xat24cr x1mh8g0r x16tdsg8 x1hl2dhg xggy1nq x1a2a7pz x6s0dn4 xjbqb8w x1ejq31n xd10rxx x1sy0etr x17r0tee x1ypdohk x78zum5 xl56j7k x1y1aw1k x1sxyh0 xwib8y2 xurb0ha xcdnw81\" role=\"button\" tabindex=\"0\">\n<div class=\"x6s0dn4 x78zum5 xdt5ytf xl56j7k\"><\/div>\n<\/div>\n<\/div>\n<\/div>\n<\/section>\n<section class=\"x1xdureb x1agbcgv x1lhsz42 xieb3on xr1yuqi x6ikm8r x10wlt62 xs5motx\">\n<div class=\"x6s0dn4 x78zum5 x1q0g3np xs83m0k xeuugli x1n2onr6\">\n<div class=\"x1q0g3np x2lah0s\">\n<div class=\"x1i10hfl x972fbf xcfux6l x1qhh985 xm0m39n x9f619 xe8uvvx xdj266r x11i5rnm xat24cr x1mh8g0r x16tdsg8 x1hl2dhg xggy1nq x1a2a7pz x6s0dn4 xjbqb8w x1ejq31n xd10rxx x1sy0etr x17r0tee x1ypdohk x78zum5 xl56j7k x1y1aw1k x1sxyh0 xwib8y2 xurb0ha xcdnw81\" role=\"button\" tabindex=\"0\">\n<div class=\"x6s0dn4 x78zum5 xdt5ytf xl56j7k\"><\/div>\n<\/div>\n<\/div>\n<\/div>\n<\/section>\n<p>[\/et_pb_text][\/et_pb_column][\/et_pb_row][et_pb_row column_structure=\u00bb1_2,1_2&#8243; _builder_version=\u00bb4.27.4&#8243; _module_preset=\u00bbdefault\u00bb background_enable_mask_style=\u00bbon\u00bb background_mask_style=\u00bbbean\u00bb background_mask_color=\u00bb#CD5914&#8243; background_mask_transform=\u00bbinvert\u00bb global_colors_info=\u00bb{}\u00bb][et_pb_column type=\u00bb1_2&#8243; _builder_version=\u00bb4.27.4&#8243; _module_preset=\u00bbdefault\u00bb global_colors_info=\u00bb{}\u00bb][et_pb_image src=\u00bbhttps:\/\/elpazoworkshop.com\/wp-content\/uploads\/2026\/02\/Cristina_rodriguez_villazon_curso.webp\u00bb title_text=\u00bbCristina_rodriguez_villazon_curso\u00bb _builder_version=\u00bb4.27.5&#8243; _module_preset=\u00bbdefault\u00bb max_width=\u00bb80%\u00bb module_alignment=\u00bbright\u00bb custom_padding=\u00bb133px||||false|false\u00bb custom_padding_tablet=\u00bb133px||||false|false\u00bb custom_padding_phone=\u00bb0px||||false|false\u00bb custom_padding_last_edited=\u00bbon|phone\u00bb scroll_vertical_motion_enable=\u00bbon\u00bb scroll_vertical_motion=\u00bb0|50|50|100|1|0|0.5&#8243; global_colors_info=\u00bb{}\u00bb][\/et_pb_image][\/et_pb_column][et_pb_column type=\u00bb1_2&#8243; _builder_version=\u00bb4.27.4&#8243; _module_preset=\u00bbdefault\u00bb global_colors_info=\u00bb{}\u00bb][et_pb_image src=\u00bbhttps:\/\/elpazoworkshop.com\/wp-content\/uploads\/2026\/02\/Cristina_rodriguez_villazon.webp\u00bb alt=\u00bbCristina Rodriguez villazon en workshop el pazo<br \/>\n\u00bb title_text=\u00bbCristina_rodriguez_villazon\u00bb _builder_version=\u00bb4.27.5&#8243; _module_preset=\u00bbdefault\u00bb max_width=\u00bb80%\u00bb scroll_vertical_motion_enable=\u00bbon\u00bb scroll_vertical_motion=\u00bb0|50|50|100|1|0|-0.5&#8243; global_colors_info=\u00bb{}\u00bb][\/et_pb_image][dsm_shapes shapes_type=\u00bbblob_eight\u00bb shapes_square_size=\u00bb211&#8243; shape_color=\u00bb#CD5914&#8243; _builder_version=\u00bb4.27.4&#8243; _module_preset=\u00bbdefault\u00bb custom_margin=\u00bb-138px|||-14px|false|false\u00bb custom_margin_tablet=\u00bb-138px|||-14px|false|false\u00bb custom_margin_phone=\u00bb-138px|||-14px|false|false\u00bb custom_margin_last_edited=\u00bbon|desktop\u00bb custom_padding_tablet=\u00bb\u00bb custom_padding_phone=\u00bb\u00bb custom_padding_last_edited=\u00bbon|desktop\u00bb box_shadow_style_shapes=\u00bbpreset2&#8243; global_colors_info=\u00bb{}\u00bb][\/dsm_shapes][et_pb_text _builder_version=\u00bb4.27.5&#8243; _module_preset=\u00bbdefault\u00bb header_font_size=\u00bb32px\u00bb header_3_font=\u00bbBlack Mango|800|||||||\u00bb header_3_text_color=\u00bb#EBEBEB\u00bb header_3_font_size=\u00bb34px\u00bb header_3_line_height=\u00bb0.7em\u00bb custom_margin=\u00bb-173px|||11px|false|false\u00bb custom_margin_tablet=\u00bb-173px|||11px|false|false\u00bb custom_margin_phone=\u00bb-173px|||11px|false|false\u00bb custom_margin_last_edited=\u00bbon|desktop\u00bb global_colors_info=\u00bb{}\u00bb]<\/p>\n<h3>Catalina<\/h3>\n<h3>Rodriguez<\/p>\n<\/h3>\n<p>[\/et_pb_text][\/et_pb_column][\/et_pb_row][et_pb_row _builder_version=\u00bb4.27.4&#8243; _module_preset=\u00bbdefault\u00bb global_colors_info=\u00bb{}\u00bb][et_pb_column type=\u00bb4_4&#8243; _builder_version=\u00bb4.27.4&#8243; _module_preset=\u00bbdefault\u00bb global_colors_info=\u00bb{}\u00bb][et_pb_text _builder_version=\u00bb4.27.5&#8243; _module_preset=\u00bbdefault\u00bb header_3_font=\u00bbKiona||||||||\u00bb custom_margin=\u00bb29px||||false|false\u00bb custom_margin_tablet=\u00bb29px||||false|false\u00bb custom_margin_phone=\u00bb29px||||false|false\u00bb custom_margin_last_edited=\u00bbon|desktop\u00bb animation_style=\u00bbfade\u00bb global_colors_info=\u00bb{}\u00bb]<\/p>\n<h3><strong><a href=\"https:\/\/www.catalinarodriguezvillazon.com\" target=\"_blank\" rel=\"noopener\">CATALINA RODRIGUEZ VILLAZ\u00d3N<\/a><\/strong> <a href=\"https:\/\/www.catalinarodriguezvillazon.com\" target=\"_blank\" rel=\"noopener\" title=\"CATALINA RODR\u00cdGUEZ VILLAZ\u00d3N \">|<\/a> Artista acuarelista y docente <a href=\"https:\/\/www.instagram.com\/catalina.rodriguez.villazon\/\" target=\"_blank\" rel=\"noopener\">@catalina.rodriguez.villazon<\/a><\/h3>\n<section class=\"xc3tme8 x18wylqe x1xdureb xvxrpd7 x13vxnyz\">\n<ul class=\"x78zum5 x1q0g3np xieb3on\"><\/ul>\n<\/section>\n<h3><a href=\"https:\/\/www.instagram.com\/idoia_cuesta\/\"><span style=\"font-size: 16px;\"><\/span><\/a><\/h3>\n<section class=\"x1xdureb x1agbcgv x1lhsz42 xieb3on xr1yuqi x6ikm8r x10wlt62 xs5motx\">\n<div class=\"x6s0dn4 x78zum5 x1q0g3np xs83m0k xeuugli x1n2onr6\">\n<div class=\"x1q0g3np x2lah0s\">\n<div class=\"x1i10hfl x972fbf xcfux6l x1qhh985 xm0m39n x9f619 xe8uvvx xdj266r x11i5rnm xat24cr x1mh8g0r x16tdsg8 x1hl2dhg xggy1nq x1a2a7pz x6s0dn4 xjbqb8w x1ejq31n xd10rxx x1sy0etr x17r0tee x1ypdohk x78zum5 xl56j7k x1y1aw1k x1sxyh0 xwib8y2 xurb0ha xcdnw81\" role=\"button\" tabindex=\"0\">\n<div class=\"x6s0dn4 x78zum5 xdt5ytf xl56j7k\"><\/div>\n<\/div>\n<\/div>\n<\/div>\n<\/section>\n<p>[\/et_pb_text][\/et_pb_column][\/et_pb_row][et_pb_row column_structure=\u00bb1_2,1_2&#8243; _builder_version=\u00bb4.27.4&#8243; _module_preset=\u00bbdefault\u00bb background_enable_mask_style=\u00bbon\u00bb background_mask_style=\u00bbbean\u00bb background_mask_color=\u00bb#768F73&#8243; background_mask_transform=\u00bbinvert\u00bb min_height=\u00bb647.4px\u00bb custom_padding=\u00bb27px|||||\u00bb global_colors_info=\u00bb{}\u00bb][et_pb_column type=\u00bb1_2&#8243; _builder_version=\u00bb4.27.4&#8243; _module_preset=\u00bbdefault\u00bb global_colors_info=\u00bb{}\u00bb][et_pb_image src=\u00bbhttps:\/\/elpazoworkshop.com\/wp-content\/uploads\/2026\/03\/Botella-trenzada-conjunto.webp\u00bb title_text=\u00bbBotella-trenzada-conjunto\u00bb _builder_version=\u00bb4.27.6&#8243; _module_preset=\u00bbdefault\u00bb max_width=\u00bb80%\u00bb module_alignment=\u00bbright\u00bb custom_padding=\u00bb133px||||false|false\u00bb custom_padding_tablet=\u00bb133px||||false|false\u00bb custom_padding_phone=\u00bb0px||||false|false\u00bb custom_padding_last_edited=\u00bbon|phone\u00bb scroll_vertical_motion_enable=\u00bbon\u00bb scroll_vertical_motion=\u00bb0|50|50|100|1|0|0.5&#8243; hover_enabled=\u00bb0&#8243; global_colors_info=\u00bb{}\u00bb sticky_enabled=\u00bb0&#8243;][\/et_pb_image][\/et_pb_column][et_pb_column type=\u00bb1_2&#8243; _builder_version=\u00bb4.27.4&#8243; _module_preset=\u00bbdefault\u00bb global_colors_info=\u00bb{}\u00bb][et_pb_image src=\u00bbhttps:\/\/elpazoworkshop.com\/wp-content\/uploads\/2026\/03\/Casa_atlantica_El_pazo.webp\u00bb title_text=\u00bbCasa_atlantica_El_pazo\u00bb _builder_version=\u00bb4.27.6&#8243; _module_preset=\u00bbdefault\u00bb max_width=\u00bb80%\u00bb scroll_vertical_motion_enable=\u00bbon\u00bb scroll_vertical_motion=\u00bb0|50|50|100|1|0|-0.5&#8243; hover_enabled=\u00bb0&#8243; global_colors_info=\u00bb{}\u00bb sticky_enabled=\u00bb0&#8243;][\/et_pb_image][dsm_shapes shapes_type=\u00bbblob_eight\u00bb shapes_square_size=\u00bb211&#8243; shape_color=\u00bb#768F73&#8243; _builder_version=\u00bb4.27.4&#8243; _module_preset=\u00bbdefault\u00bb custom_margin=\u00bb-138px|||-14px|false|false\u00bb custom_margin_tablet=\u00bb-138px|||-14px|false|false\u00bb custom_margin_phone=\u00bb-138px|||-14px|false|false\u00bb custom_margin_last_edited=\u00bbon|desktop\u00bb custom_padding_tablet=\u00bb\u00bb custom_padding_phone=\u00bb\u00bb custom_padding_last_edited=\u00bbon|desktop\u00bb box_shadow_style_shapes=\u00bbpreset2&#8243; global_colors_info=\u00bb{}\u00bb][\/dsm_shapes][et_pb_text _builder_version=\u00bb4.27.6&#8243; _module_preset=\u00bbdefault\u00bb header_font_size=\u00bb32px\u00bb header_3_font=\u00bbBlack Mango|800|||||||\u00bb header_3_text_color=\u00bb#EBEBEB\u00bb header_3_font_size=\u00bb34px\u00bb header_3_line_height=\u00bb0.7em\u00bb custom_margin=\u00bb-173px|||11px|false|false\u00bb custom_margin_tablet=\u00bb-173px|||11px|false|false\u00bb custom_margin_phone=\u00bb-173px|||11px|false|false\u00bb custom_margin_last_edited=\u00bbon|desktop\u00bb hover_enabled=\u00bb0&#8243; global_colors_info=\u00bb{}\u00bb sticky_enabled=\u00bb0&#8243;]<\/p>\n<h3>Bel\u00e9n<\/h3>\n<h3>Leiro<\/h3>\n<p>&nbsp;<\/p>\n<p>&nbsp;<\/p>\n<p>[\/et_pb_text][\/et_pb_column][\/et_pb_row][et_pb_row _builder_version=\u00bb4.27.4&#8243; _module_preset=\u00bbdefault\u00bb global_colors_info=\u00bb{}\u00bb][et_pb_column type=\u00bb4_4&#8243; _builder_version=\u00bb4.27.4&#8243; _module_preset=\u00bbdefault\u00bb global_colors_info=\u00bb{}\u00bb][et_pb_text _builder_version=\u00bb4.27.6&#8243; _module_preset=\u00bbdefault\u00bb header_3_font=\u00bbKiona||||||||\u00bb custom_margin=\u00bb29px||||false|false\u00bb custom_margin_tablet=\u00bb29px||||false|false\u00bb custom_margin_phone=\u00bb29px||||false|false\u00bb custom_margin_last_edited=\u00bbon|desktop\u00bb animation_style=\u00bbfade\u00bb hover_enabled=\u00bb0&#8243; global_colors_info=\u00bb{}\u00bb sticky_enabled=\u00bb0&#8243;]<\/p>\n<h3><a href=\"https:\/\/casaatlantica.es\" target=\"_blank\" rel=\"noopener\">CASA ATL\u00c2NTICA<\/a> | BEL\u00c9N LEIRO. artesana y cofundadora de Casa Atl\u00e2ntica y C\u00c2 Est\u00fadio. Le apasionan las t\u00e9cnicas artesanales antiguas y el folclore regional, bas\u00e1ndose en una larga herencia familiar conectada a la artesan\u00eda como con el paisaje rural. @CASAATLANTICA<\/h3>\n<section class=\"x1xdureb x1agbcgv x1lhsz42 xieb3on xr1yuqi x6ikm8r x10wlt62 xs5motx\">\n<div class=\"x6s0dn4 x78zum5 x1q0g3np xs83m0k xeuugli x1n2onr6\">\n<div class=\"x1q0g3np x2lah0s\">\n<div class=\"x1i10hfl x972fbf xcfux6l x1qhh985 xm0m39n x9f619 xe8uvvx xdj266r x11i5rnm xat24cr x1mh8g0r x16tdsg8 x1hl2dhg xggy1nq x1a2a7pz x6s0dn4 xjbqb8w x1ejq31n xd10rxx x1sy0etr x17r0tee x1ypdohk x78zum5 xl56j7k x1y1aw1k x1sxyh0 xwib8y2 xurb0ha xcdnw81\" role=\"button\" tabindex=\"0\">\n<div class=\"x6s0dn4 x78zum5 xdt5ytf xl56j7k\"><\/div>\n<\/div>\n<\/div>\n<\/div>\n<\/section>\n<p>[\/et_pb_text][\/et_pb_column][\/et_pb_row][et_pb_row _builder_version=\u00bb4.19.2&#8243; _module_preset=\u00bbdefault\u00bb global_colors_info=\u00bb{}\u00bb][et_pb_column type=\u00bb4_4&#8243; _builder_version=\u00bb4.19.2&#8243; _module_preset=\u00bbdefault\u00bb global_colors_info=\u00bb{}\u00bb][et_pb_text _builder_version=\u00bb4.27.4&#8243; _module_preset=\u00bb_initial\u00bb header_font=\u00bbBlack Mango||||||||\u00bb header_2_font=\u00bbBlack Mango||||||||\u00bb header_2_font_size=\u00bb60px\u00bb header_2_line_height=\u00bb1.2em\u00bb header_3_font=\u00bbKiona||||||||\u00bb animation_style=\u00bbslide\u00bb animation_direction=\u00bbtop\u00bb animation_duration=\u00bb750ms\u00bb header_2_font_size_tablet=\u00bb32px\u00bb header_2_font_size_phone=\u00bb45px\u00bb header_2_font_size_last_edited=\u00bbon|phone\u00bb header_3_font_size_tablet=\u00bb\u00bb header_3_font_size_phone=\u00bb21px\u00bb header_3_font_size_last_edited=\u00bbon|phone\u00bb global_colors_info=\u00bb{}\u00bb]<\/p>\n<h2 style=\"text-align: center;\">Nuestros Talleres<\/h2>\n<p>[\/et_pb_text][\/et_pb_column][\/et_pb_row][et_pb_row column_structure=\u00bb1_3,1_3,1_3&#8243; make_equal=\u00bbon\u00bb _builder_version=\u00bb4.27.4&#8243; _module_preset=\u00bbdefault\u00bb width=\u00bb84%\u00bb max_width=\u00bb70%\u00bb global_colors_info=\u00bb{}\u00bb][et_pb_column type=\u00bb1_3&#8243; _builder_version=\u00bb4.27.4&#8243; _module_preset=\u00bbdefault\u00bb border_width_right=\u00bb2px\u00bb border_width_left=\u00bb2px\u00bb global_colors_info=\u00bb{}\u00bb][et_pb_text _builder_version=\u00bb4.27.5&#8243; _module_preset=\u00bb_initial\u00bb header_font=\u00bbBlack Mango||||||||\u00bb header_text_align=\u00bbcenter\u00bb header_2_font=\u00bbBlack Mango||||||||\u00bb header_2_text_align=\u00bbcenter\u00bb header_2_font_size=\u00bb60px\u00bb header_2_line_height=\u00bb1.2em\u00bb header_3_font=\u00bbKiona||||||||\u00bb header_3_text_align=\u00bbcenter\u00bb animation_style=\u00bbslide\u00bb animation_direction=\u00bbtop\u00bb animation_duration=\u00bb750ms\u00bb header_2_font_size_tablet=\u00bb32px\u00bb header_2_font_size_phone=\u00bb45px\u00bb header_2_font_size_last_edited=\u00bbon|phone\u00bb header_3_font_size_tablet=\u00bb\u00bb header_3_font_size_phone=\u00bb21px\u00bb header_3_font_size_last_edited=\u00bbon|phone\u00bb global_colors_info=\u00bb{}\u00bb]<\/p>\n<h2>D\u00cdA I<\/h2>\n<h3>Fibras y Flores;<\/h3>\n<h3>Texturas y sensaciones<\/h3>\n<p>&nbsp;<\/p>\n<p>[\/et_pb_text][et_pb_toggle title=\u00bb\u00bfQu\u00e9 vivir\u00e1s ese d\u00eda?\u00bb open_toggle_text_color=\u00bb#000000&#8243; open_toggle_background_color=\u00bb#EBEBEB\u00bb closed_toggle_background_color=\u00bbRGBA(255,255,255,0)\u00bb icon_color=\u00bb#7C5F53&#8243; toggle_icon=\u00bb&#x68;||divi||400&#8243; _builder_version=\u00bb4.27.5&#8243; _module_preset=\u00bbdefault\u00bb title_text_color=\u00bb#000000&#8243; title_font=\u00bbKiona||||||||\u00bb body_font=\u00bbLeague Spartan||||||||\u00bb body_font_size=\u00bb16px\u00bb body_line_height=\u00bb1.8em\u00bb custom_margin=\u00bb|30px||30px|false|true\u00bb custom_padding=\u00bb|25px||25px|false|true\u00bb border_width_all=\u00bb0px\u00bb border_width_bottom=\u00bb2px\u00bb border_color_bottom=\u00bb#7C5F53&#8243; global_colors_info=\u00bb{}\u00bb]<\/p>\n<p><em>En este primer d\u00eda en el Pazo Workshop y uno de los m\u00e1s interesantes por su variedad de aplicaciones<\/em><em>.<\/em><br \/><strong>\u00bfQu\u00e9 aprender\u00e1s?<\/strong><br \/>Dise\u00f1o y construcci\u00f3n de estructuras con fibras y texturas de diferentes tipos.<br \/>T\u00e9cnicas para trabajar con fibras naturales secas, frescas, papeles y texturas, creando bases originales para tus composiciones.<br \/>Creaci\u00f3n de una instalaci\u00f3n floral que combine el trabajo artesano y las flores en armon\u00eda.<br \/>C\u00f3mo darle durabilidad y est\u00e9tica a tus dise\u00f1os utilizando materiales org\u00e1nicos.<br \/>Uso pr\u00e1ctico de herramientas y materiales especializados para el trabajo con texturas, fibras y flores.<\/p>\n<p>[\/et_pb_toggle][\/et_pb_column][et_pb_column type=\u00bb1_3&#8243; _builder_version=\u00bb4.27.4&#8243; _module_preset=\u00bbdefault\u00bb border_width_right=\u00bb2px\u00bb border_width_left=\u00bb2px\u00bb global_colors_info=\u00bb{}\u00bb][et_pb_text _builder_version=\u00bb4.27.5&#8243; _module_preset=\u00bb_initial\u00bb header_font=\u00bbBlack Mango||||||||\u00bb header_text_align=\u00bbcenter\u00bb header_2_font=\u00bbBlack Mango||||||||\u00bb header_2_text_align=\u00bbcenter\u00bb header_2_font_size=\u00bb60px\u00bb header_2_line_height=\u00bb1.2em\u00bb header_3_font=\u00bbKiona||||||||\u00bb header_3_text_align=\u00bbcenter\u00bb animation_style=\u00bbslide\u00bb animation_direction=\u00bbtop\u00bb animation_duration=\u00bb750ms\u00bb header_2_font_size_tablet=\u00bb32px\u00bb header_2_font_size_phone=\u00bb45px\u00bb header_2_font_size_last_edited=\u00bbon|phone\u00bb header_3_font_size_tablet=\u00bb\u00bb header_3_font_size_phone=\u00bb21px\u00bb header_3_font_size_last_edited=\u00bbon|phone\u00bb global_colors_info=\u00bb{}\u00bb]<\/p>\n<h2>D\u00cdA II<\/h2>\n<h3>Flores y Acuarela:<\/h3>\n<h3>Cuando el color nace de la emoci\u00f3n<\/h3>\n<p>[\/et_pb_text][et_pb_toggle title=\u00bb\u00bfQu\u00e9 vivir\u00e1s este d\u00eda?\u00bb open_toggle_text_color=\u00bb#000000&#8243; open_toggle_background_color=\u00bb#EBEBEB\u00bb closed_toggle_background_color=\u00bbRGBA(255,255,255,0)\u00bb icon_color=\u00bb#7C5F53&#8243; toggle_icon=\u00bb&#x68;||divi||400&#8243; _builder_version=\u00bb4.27.5&#8243; _module_preset=\u00bbdefault\u00bb title_text_color=\u00bb#000000&#8243; title_font=\u00bbKiona||||||||\u00bb body_font=\u00bbLeague Spartan||||||||\u00bb body_font_size=\u00bb16px\u00bb body_line_height=\u00bb1.8em\u00bb custom_margin=\u00bb|30px||30px|false|true\u00bb custom_padding=\u00bb|25px||25px|false|true\u00bb border_width_all=\u00bb0px\u00bb border_width_bottom=\u00bb2px\u00bb border_color_bottom=\u00bb#7C5F53&#8243; global_colors_info=\u00bb{}\u00bb]<\/p>\n<p data-start=\"328\" data-end=\"751\">Una jornada dedicada a la fusi\u00f3n entre el arte floral y la acuarela, donde la sensibilidad pict\u00f3rica y la materia viva dialogan para crear piezas \u00fanicas. Junto a <strong data-start=\"519\" data-end=\"549\">Catalina Rodr\u00edguez Vilaz\u00f3n<\/strong>, acuarelista reconocida por su universo po\u00e9tico y su manera de ense\u00f1ar desde la emoci\u00f3n, exploraremos c\u00f3mo las flores pueden convertirse en inspiraci\u00f3n directa para el trazo, el color y la composici\u00f3n.<\/p>\n<p data-start=\"753\" data-end=\"1027\">Este d\u00eda est\u00e1 concebido como un espacio de creaci\u00f3n, donde la observaci\u00f3n, la intuici\u00f3n y el gesto artesanal son tan importantes como la t\u00e9cnica. Flores y acuarelas se encuentran para dar lugar a un lenguaje com\u00fan, profundamente art\u00edstico e inspiracional.<\/p>\n<p data-start=\"1029\" data-end=\"1049\"><strong data-start=\"1029\" data-end=\"1049\">\u00bfQu\u00e9 aprender\u00e1s?<\/strong><\/p>\n<ul data-start=\"1050\" data-end=\"1599\">\n<li data-start=\"1050\" data-end=\"1147\">\n<p data-start=\"1052\" data-end=\"1147\">C\u00f3mo observar la flor desde una mirada art\u00edstica para traducirla en color, forma y atm\u00f3sfera.<\/p>\n<\/li>\n<li data-start=\"1148\" data-end=\"1249\">\n<p data-start=\"1150\" data-end=\"1249\">Introducci\u00f3n a la t\u00e9cnica de la acuarela aplicada a elementos bot\u00e1nicos y composiciones florales.<\/p>\n<\/li>\n<li data-start=\"1250\" data-end=\"1311\">\n<p data-start=\"1252\" data-end=\"1311\">Creaci\u00f3n de paletas crom\u00e1ticas a partir de flores reales.<\/p>\n<\/li>\n<li data-start=\"1312\" data-end=\"1402\">\n<p data-start=\"1314\" data-end=\"1402\">Di\u00e1logo entre composici\u00f3n floral y composici\u00f3n pict\u00f3rica: ritmo, equilibrio y emoci\u00f3n.<\/p>\n<\/li>\n<li data-start=\"1403\" data-end=\"1489\">\n<p data-start=\"1405\" data-end=\"1489\">Desarrollo de una obra que combine acuarela y flor como un solo proyecto creativo.<\/p>\n<\/li>\n<li data-start=\"1490\" data-end=\"1599\">\n<p data-start=\"1492\" data-end=\"1599\">C\u00f3mo incorporar procesos art\u00edsticos y artesanos en tu trabajo floral para enriquecer tu identidad creativa.<\/p>\n<\/li>\n<\/ul>\n<p data-start=\"1601\" data-end=\"1717\">Un d\u00eda para parar, mirar y crear desde un lugar m\u00e1s \u00edntimo, donde la flor no solo se dise\u00f1a, sino que se interpreta.<\/p>\n<p>[\/et_pb_toggle][\/et_pb_column][et_pb_column type=\u00bb1_3&#8243; _builder_version=\u00bb4.27.4&#8243; _module_preset=\u00bbdefault\u00bb border_width_right=\u00bb2px\u00bb border_width_left=\u00bb2px\u00bb global_colors_info=\u00bb{}\u00bb][et_pb_text _builder_version=\u00bb4.27.5&#8243; _module_preset=\u00bb_initial\u00bb header_font=\u00bbBlack Mango||||||||\u00bb header_text_align=\u00bbcenter\u00bb header_2_font=\u00bbBlack Mango||||||||\u00bb header_2_text_align=\u00bbcenter\u00bb header_2_font_size=\u00bb60px\u00bb header_2_line_height=\u00bb1.2em\u00bb header_3_font=\u00bbKiona||||||||\u00bb header_3_text_align=\u00bbcenter\u00bb animation_style=\u00bbslide\u00bb animation_direction=\u00bbtop\u00bb animation_duration=\u00bb750ms\u00bb header_2_font_size_tablet=\u00bb32px\u00bb header_2_font_size_phone=\u00bb45px\u00bb header_2_font_size_last_edited=\u00bbon|phone\u00bb header_3_font_size_tablet=\u00bb\u00bb header_3_font_size_phone=\u00bb21px\u00bb header_3_font_size_last_edited=\u00bbon|phone\u00bb global_colors_info=\u00bb{}\u00bb]<\/p>\n<h2>D\u00cdA III<\/h2>\n<h3><span>Arte Floral Contempor\u00e1neo:<\/span><\/h3>\n<h3><span>T\u00e9cnica, estructura y visi\u00f3n de autor<\/span><\/h3>\n<p>[\/et_pb_text][et_pb_toggle title=\u00bb\u00bfQu\u00e9 vivir\u00e1s este d\u00eda?\u00bb open_toggle_text_color=\u00bb#000000&#8243; open_toggle_background_color=\u00bb#EBEBEB\u00bb closed_toggle_background_color=\u00bbRGBA(255,255,255,0)\u00bb icon_color=\u00bb#7C5F53&#8243; toggle_icon=\u00bb&#x68;||divi||400&#8243; _builder_version=\u00bb4.27.5&#8243; _module_preset=\u00bbdefault\u00bb title_text_color=\u00bb#000000&#8243; title_font=\u00bbKiona||||||||\u00bb body_font=\u00bbLeague Spartan||||||||\u00bb body_font_size=\u00bb16px\u00bb body_line_height=\u00bb1.8em\u00bb custom_margin=\u00bb|30px||30px|false|true\u00bb custom_padding=\u00bb|25px||25px|false|true\u00bb border_width_all=\u00bb0px\u00bb border_width_bottom=\u00bb2px\u00bb border_color_bottom=\u00bb#7C5F53&#8243; global_colors_info=\u00bb{}\u00bb]<\/p>\n<p data-start=\"307\" data-end=\"653\">El tercer d\u00eda del Pazo Workshop est\u00e1 dedicado a la excelencia t\u00e9cnica y a la mirada del gran maestro. Contaremos con <strong data-start=\"453\" data-end=\"471\">Fr\u00e9d\u00e9ric Dupr\u00e9<\/strong>, florista galardonado como <em data-start=\"499\" data-end=\"526\">Mejor Artesano de Francia<\/em>, <strong data-start=\"528\" data-end=\"576\">Top 3 en la \u00faltima Copa del Mundo de Florint <\/strong>y referente internacional en el dise\u00f1o floral y el paisajismo contempor\u00e1neo.<\/p>\n<p data-start=\"655\" data-end=\"1010\">Ser\u00e1 una jornada intensa, profunda y altamente formativa, donde Fr\u00e9d\u00e9ric compartir\u00e1 su enfoque personal del arte floral: una fusi\u00f3n entre t\u00e9cnica, estructura y artes pl\u00e1sticas. Su manera de trabajar va m\u00e1s all\u00e1 de la flor; es un proceso constructivo, casi escult\u00f3rico, donde cada decisi\u00f3n tiene un porqu\u00e9 y cada pieza responde a una visi\u00f3n clara de autor.<\/p>\n<p data-start=\"1012\" data-end=\"1032\"><strong data-start=\"1012\" data-end=\"1032\">\u00bfQu\u00e9 aprender\u00e1s?<\/strong><\/p>\n<ul data-start=\"1033\" data-end=\"1544\">\n<li data-start=\"1033\" data-end=\"1120\">\n<p data-start=\"1035\" data-end=\"1120\">El proceso creativo de un maestro floral internacional: de la idea al dise\u00f1o final.<\/p>\n<\/li>\n<li data-start=\"1121\" data-end=\"1214\">\n<p data-start=\"1123\" data-end=\"1214\">Aplicaci\u00f3n de artes pl\u00e1sticas y conceptos escult\u00f3ricos en el dise\u00f1o floral contempor\u00e1neo.<\/p>\n<\/li>\n<li data-start=\"1215\" data-end=\"1294\">\n<p data-start=\"1217\" data-end=\"1294\">Construcci\u00f3n de estructuras florales complejas con una base t\u00e9cnica s\u00f3lida.<\/p>\n<\/li>\n<li data-start=\"1295\" data-end=\"1385\">\n<p data-start=\"1297\" data-end=\"1385\">C\u00f3mo trabajar el volumen, el espacio y la proporci\u00f3n en piezas de alto impacto visual.<\/p>\n<\/li>\n<li data-start=\"1386\" data-end=\"1453\">\n<p data-start=\"1388\" data-end=\"1453\">T\u00e9cnicas avanzadas de fijaci\u00f3n, ensamblaje y equilibrio floral.<\/p>\n<\/li>\n<li data-start=\"1454\" data-end=\"1544\">\n<p data-start=\"1456\" data-end=\"1544\">Desarrollo de una instalaci\u00f3n floral de gran formato con una fuerte identidad art\u00edstica.<\/p>\n<\/li>\n<\/ul>\n<p data-start=\"1546\" data-end=\"1778\">Un d\u00eda pensado para quienes buscan ir m\u00e1s all\u00e1 del dise\u00f1o decorativo y profundizar en el <strong data-start=\"1635\" data-end=\"1689\">lenguaje del arte floral como disciplina art\u00edstica<\/strong>, aprendiendo directamente de uno de los grandes nombres de la florister\u00eda internacional.<\/p>\n<p>[\/et_pb_toggle][\/et_pb_column][\/et_pb_row][et_pb_row _builder_version=\u00bb4.27.5&#8243; _module_preset=\u00bbdefault\u00bb global_colors_info=\u00bb{}\u00bb][et_pb_column type=\u00bb4_4&#8243; _builder_version=\u00bb4.27.5&#8243; _module_preset=\u00bbdefault\u00bb global_colors_info=\u00bb{}\u00bb][et_pb_heading title=\u00bbTres d\u00edas para detener el tiempo, crear con las manos y reconectar con la esencia de lo aut\u00e9ntico.\u00bb _builder_version=\u00bb4.27.5&#8243; _module_preset=\u00bbdefault\u00bb title_level=\u00bbh2&#8243; title_font=\u00bb||on||||||\u00bb title_text_align=\u00bbcenter\u00bb title_text_color=\u00bb#768F73&#8243; title_font_size=\u00bb28px\u00bb global_colors_info=\u00bb{}\u00bb][\/et_pb_heading][\/et_pb_column][\/et_pb_row][et_pb_row column_structure=\u00bb1_4,1_2,1_4&#8243; _builder_version=\u00bb4.27.4&#8243; _module_preset=\u00bbdefault\u00bb custom_padding=\u00bb||0px|||\u00bb animation_style=\u00bbfade\u00bb locked=\u00bboff\u00bb global_colors_info=\u00bb{}\u00bb][et_pb_column type=\u00bb1_4&#8243; _builder_version=\u00bb4.19.2&#8243; _module_preset=\u00bbdefault\u00bb global_colors_info=\u00bb{}\u00bb][\/et_pb_column][et_pb_column type=\u00bb1_2&#8243; _builder_version=\u00bb4.19.2&#8243; _module_preset=\u00bbdefault\u00bb global_colors_info=\u00bb{}\u00bb][et_pb_shop posts_number=\u00bb2&#8243; columns_number=\u00bb2&#8243; orderby=\u00bbmenu_order\u00bb sale_badge_color=\u00bb#7C5F53&#8243; icon_hover_color=\u00bb#7C5F53&#8243; hover_overlay_color=\u00bbrgba(235,225,200,0.62)\u00bb hover_icon=\u00bb&#xe079;||divi||400&#8243; show_price=\u00bboff\u00bb _builder_version=\u00bb4.27.4&#8243; _module_preset=\u00bbdefault\u00bb title_font=\u00bbBlack Mango||||||||\u00bb title_font_size=\u00bb25px\u00bb price_font=\u00bbKiona||||||||\u00bb price_text_color=\u00bb#7C5F53&#8243; price_font_size=\u00bb28px\u00bb title_font_size_tablet=\u00bb25px\u00bb title_font_size_phone=\u00bb21px\u00bb title_font_size_last_edited=\u00bbon|phone\u00bb price_font_size_tablet=\u00bb28px\u00bb price_font_size_phone=\u00bb22px\u00bb price_font_size_last_edited=\u00bbon|phone\u00bb border_color_all_image=\u00bb#EBE1C8&#8243; global_colors_info=\u00bb{}\u00bb][\/et_pb_shop][\/et_pb_column][et_pb_column type=\u00bb1_4&#8243; _builder_version=\u00bb4.19.2&#8243; _module_preset=\u00bbdefault\u00bb global_colors_info=\u00bb{}\u00bb][\/et_pb_column][\/et_pb_row][et_pb_row _builder_version=\u00bb4.19.2&#8243; _module_preset=\u00bbdefault\u00bb global_colors_info=\u00bb{}\u00bb][et_pb_column type=\u00bb4_4&#8243; _builder_version=\u00bb4.19.2&#8243; _module_preset=\u00bbdefault\u00bb global_colors_info=\u00bb{}\u00bb][et_pb_button button_url=\u00bb@ET-DC@eyJkeW5hbWljIjp0cnVlLCJjb250ZW50IjoicG9zdF9saW5rX3VybF9wYWdlIiwic2V0dGluZ3MiOnsicG9zdF9pZCI6IjkxIn19@\u00bb button_text=\u00bbReserva tu plaza\u00bb button_alignment=\u00bbcenter\u00bb _builder_version=\u00bb4.27.4&#8243; _dynamic_attributes=\u00bbbutton_url\u00bb _module_preset=\u00bb_initial\u00bb custom_button=\u00bbon\u00bb button_text_size=\u00bb14px\u00bb button_text_color=\u00bb#EBEBEB\u00bb button_bg_color=\u00bb#bb9c6d\u00bb button_border_width=\u00bb0px\u00bb button_border_radius=\u00bb0px\u00bb button_letter_spacing=\u00bb0.2em\u00bb button_font=\u00bbInter|600||on|||||\u00bb custom_padding=\u00bb16px|24px|16px|24px|true|true\u00bb animation_style=\u00bbfade\u00bb global_colors_info=\u00bb{}\u00bb][\/et_pb_button][\/et_pb_column][\/et_pb_row][\/et_pb_section][et_pb_section fb_built=\u00bb1&#8243; admin_label=\u00bbCall to Action\u00bb _builder_version=\u00bb4.19.2&#8243; _module_preset=\u00bbdefault\u00bb custom_padding=\u00bb0px||8vw||false|false\u00bb saved_tabs=\u00bball\u00bb collapsed=\u00bbon\u00bb global_colors_info=\u00bb{}\u00bb][et_pb_row column_structure=\u00bb2_5,3_5&#8243; make_equal=\u00bbon\u00bb _builder_version=\u00bb4.19.2&#8243; _module_preset=\u00bbdefault\u00bb background_color=\u00bbgcid-fa957022-7f68-4c63-9382-2437a00591d9&#8243; custom_padding=\u00bb0px||0px||true|false\u00bb box_shadow_style=\u00bbpreset4&#8243; box_shadow_horizontal=\u00bb30vw\u00bb box_shadow_vertical=\u00bb0px\u00bb box_shadow_color=\u00bbgcid-fa957022-7f68-4c63-9382-2437a00591d9&#8243; box_shadow_color_tablet=\u00bbRGBA(255,255,255,0)\u00bb box_shadow_color_phone=\u00bb\u00bb box_shadow_color_last_edited=\u00bbon|tablet\u00bb global_colors_info=\u00bb{%22gcid-fa957022-7f68-4c63-9382-2437a00591d9%22:%91%22background_color%22,%22box_shadow_color%22%93}\u00bb][et_pb_column type=\u00bb2_5&#8243; _builder_version=\u00bb4.19.2&#8243; _module_preset=\u00bbdefault\u00bb use_background_color_gradient=\u00bbon\u00bb background_color_gradient_direction=\u00bb90deg\u00bb background_color_gradient_stops=\u00bb#ffffff 70%|gcid-fa957022-7f68-4c63-9382-2437a00591d9 70%\u00bb global_colors_info=\u00bb{%22gcid-fa957022-7f68-4c63-9382-2437a00591d9%22:%91%22background_color_gradient_stops%22%93}\u00bb][et_pb_image src=\u00bbhttps:\/\/elpazoworkshop.com\/wp-content\/uploads\/2025\/01\/pazo_info.png\u00bb title_text=\u00bbpazo_info\u00bb _builder_version=\u00bb4.27.4&#8243; _module_preset=\u00bbdefault\u00bb custom_margin=\u00bb8vw|-8vw|-4vw||false|false\u00bb custom_margin_tablet=\u00bb0vw|0vw|0vw||false|false\u00bb custom_margin_phone=\u00bb\u00bb custom_margin_last_edited=\u00bbon|tablet\u00bb animation_style=\u00bbfade\u00bb animation_direction=\u00bbleft\u00bb global_colors_info=\u00bb{}\u00bb][\/et_pb_image][et_pb_image src=\u00bbhttps:\/\/elpazoworkshop.com\/wp-content\/uploads\/2025\/01\/hand-5441435_1280.jpg\u00bb title_text=\u00bbhand-5441435_1280&#8243; _builder_version=\u00bb4.27.4&#8243; _module_preset=\u00bbdefault\u00bb transform_scale=\u00bb99%|99%\u00bb transform_scale_tablet=\u00bb99%|99%\u00bb transform_scale_phone=\u00bb99%|99%\u00bb transform_scale_last_edited=\u00bbon|phone\u00bb transform_translate=\u00bb-39px|-39px\u00bb transform_translate_tablet=\u00bb-39px|-39px\u00bb transform_translate_phone=\u00bb-39px|-39px\u00bb transform_translate_last_edited=\u00bbon|desktop\u00bb transform_rotate_tablet=\u00bb\u00bb transform_rotate_phone=\u00bb\u00bb transform_rotate_last_edited=\u00bbon|desktop\u00bb transform_skew_tablet=\u00bb\u00bb transform_skew_phone=\u00bb\u00bb transform_skew_last_edited=\u00bbon|desktop\u00bb transform_origin_tablet=\u00bb\u00bb transform_origin_phone=\u00bb\u00bb transform_origin_last_edited=\u00bbon|desktop\u00bb transform_styles_last_edited=\u00bbon|phone\u00bb custom_margin_tablet=\u00bb\u00bb custom_margin_phone=\u00bb-71px||||false|false\u00bb custom_margin_last_edited=\u00bbon|phone\u00bb animation_style=\u00bbfade\u00bb scroll_vertical_motion_enable=\u00bbon\u00bb scroll_vertical_motion=\u00bb0|50|50|100|1|0|0&#8243; transform_styles_tablet=\u00bb\u00bb transform_styles_phone=\u00bb\u00bb global_colors_info=\u00bb{}\u00bb][\/et_pb_image][\/et_pb_column][et_pb_column type=\u00bb3_5&#8243; _builder_version=\u00bb4.19.2&#8243; _module_preset=\u00bbdefault\u00bb custom_padding=\u00bb4vw|||8vw|false|false\u00bb custom_padding_tablet=\u00bb0vw|30px|30px|30px|false|true\u00bb custom_padding_phone=\u00bb|20px|20px|20px|false|true\u00bb custom_padding_last_edited=\u00bbon|desktop\u00bb global_colors_info=\u00bb{}\u00bb][et_pb_text _builder_version=\u00bb4.27.4&#8243; _module_preset=\u00bb_initial\u00bb header_font=\u00bbBlack Mango||||||||\u00bb header_2_font=\u00bbBlack Mango||||||||\u00bb header_2_font_size=\u00bb60px\u00bb header_2_line_height=\u00bb1.2em\u00bb header_3_font=\u00bbKiona||||||||\u00bb animation_style=\u00bbslide\u00bb animation_direction=\u00bbtop\u00bb animation_duration=\u00bb750ms\u00bb header_2_font_size_tablet=\u00bb32px\u00bb header_2_font_size_phone=\u00bb45px\u00bb header_2_font_size_last_edited=\u00bbon|phone\u00bb header_3_font_size_tablet=\u00bb\u00bb header_3_font_size_phone=\u00bb21px\u00bb header_3_font_size_last_edited=\u00bbon|phone\u00bb global_colors_info=\u00bb{}\u00bb]<\/p>\n<h2>EL PAZO<\/h2>\n<h3><b>Una Fusi\u00f3n de Creatividad y Tradici\u00f3n<\/b><\/h3>\n<p><b><\/b><\/p>\n<p>[\/et_pb_text][et_pb_text _builder_version=\u00bb4.27.4&#8243; _module_preset=\u00bb_initial\u00bb text_font=\u00bb&#8211;et_global_body_font||||||||\u00bb text_text_color=\u00bbrgba(0,0,0,0.73)\u00bb text_line_height=\u00bb1.8em\u00bb animation_style=\u00bbfade\u00bb text_font_size_tablet=\u00bb\u00bb text_font_size_phone=\u00bb\u00bb text_font_size_last_edited=\u00bbon|phone\u00bb header_font_size_tablet=\u00bb55px\u00bb header_font_size_last_edited=\u00bboff|desktop\u00bb global_colors_info=\u00bb{}\u00bb]<\/p>\n<p class=\"p1\">Este encuentro est\u00e1 dirigido tanto a amantes de la naturaleza y el dise\u00f1o como a profesionales del arte y la artesan\u00eda que deseen ampliar sus horizontes creativos y a encontrar una motivaci\u00f3n para el d\u00eda a d\u00eda. Solo se necesita curiosidad, imaginaci\u00f3n y ganas de crear.<\/p>\n<p>[\/et_pb_text][et_pb_button button_url=\u00bb@ET-DC@eyJkeW5hbWljIjp0cnVlLCJjb250ZW50IjoicG9zdF9saW5rX3VybF9wYWdlIiwic2V0dGluZ3MiOnsicG9zdF9pZCI6IjkxIn19@\u00bb button_text=\u00bbReserva tu workshop\u00bb _builder_version=\u00bb4.27.4&#8243; _dynamic_attributes=\u00bbbutton_url\u00bb _module_preset=\u00bb_initial\u00bb custom_button=\u00bbon\u00bb button_text_size=\u00bb14px\u00bb button_text_color=\u00bb#000000&#8243; button_bg_color=\u00bbRGBA(255,255,255,0)\u00bb button_border_color=\u00bb#000000&#8243; button_border_radius=\u00bb0px\u00bb button_letter_spacing=\u00bb0.2em\u00bb button_font=\u00bbInter|600||on|||||\u00bb custom_padding=\u00bb16px|24px|16px|24px|true|true\u00bb animation_style=\u00bbfade\u00bb global_colors_info=\u00bb{}\u00bb][\/et_pb_button][\/et_pb_column][\/et_pb_row][et_pb_row column_structure=\u00bb3_5,2_5&#8243; make_equal=\u00bbon\u00bb _builder_version=\u00bb4.27.4&#8243; _module_preset=\u00bbdefault\u00bb background_color=\u00bbgcid-fa957022-7f68-4c63-9382-2437a00591d9&#8243; custom_padding=\u00bb0px||0px||true|false\u00bb box_shadow_style=\u00bbpreset4&#8243; box_shadow_horizontal=\u00bb30vw\u00bb box_shadow_vertical=\u00bb0px\u00bb box_shadow_color=\u00bbgcid-fa957022-7f68-4c63-9382-2437a00591d9&#8243; box_shadow_color_tablet=\u00bbRGBA(255,255,255,0)\u00bb box_shadow_color_phone=\u00bb\u00bb box_shadow_color_last_edited=\u00bbon|tablet\u00bb global_colors_info=\u00bb{%22gcid-fa957022-7f68-4c63-9382-2437a00591d9%22:%91%22background_color%22,%22box_shadow_color%22%93}\u00bb][et_pb_column type=\u00bb3_5&#8243; _builder_version=\u00bb4.19.2&#8243; _module_preset=\u00bbdefault\u00bb custom_padding=\u00bb4vw|||8vw|false|false\u00bb custom_padding_tablet=\u00bb0vw|30px|30px|30px|false|true\u00bb custom_padding_phone=\u00bb|20px|20px|20px|false|true\u00bb custom_padding_last_edited=\u00bbon|desktop\u00bb global_colors_info=\u00bb{}\u00bb][et_pb_text _builder_version=\u00bb4.27.4&#8243; _module_preset=\u00bb_initial\u00bb header_font=\u00bbBlack Mango||||||||\u00bb header_2_font=\u00bbBlack Mango||||||||\u00bb header_2_font_size=\u00bb60px\u00bb header_2_line_height=\u00bb1.2em\u00bb header_3_font=\u00bbKiona||||||||\u00bb animation_style=\u00bbslide\u00bb animation_direction=\u00bbtop\u00bb animation_duration=\u00bb750ms\u00bb header_2_font_size_tablet=\u00bb32px\u00bb header_2_font_size_phone=\u00bb45px\u00bb header_2_font_size_last_edited=\u00bbon|phone\u00bb header_3_font_size_tablet=\u00bb\u00bb header_3_font_size_phone=\u00bb21px\u00bb header_3_font_size_last_edited=\u00bbon|phone\u00bb global_colors_info=\u00bb{}\u00bb]<\/p>\n<h2>\u00bfD\u00d3NDE?<\/h2>\n<h3><b>Pazo <\/b><\/h3>\n<h3><b>Casalnovo<\/b><\/h3>\n<p>[\/et_pb_text][et_pb_text _builder_version=\u00bb4.27.4&#8243; _module_preset=\u00bb_initial\u00bb text_font=\u00bb&#8211;et_global_body_font||||||||\u00bb text_text_color=\u00bbrgba(0,0,0,0.73)\u00bb text_line_height=\u00bb1.8em\u00bb animation_style=\u00bbfade\u00bb text_font_size_tablet=\u00bb\u00bb text_font_size_phone=\u00bb\u00bb text_font_size_last_edited=\u00bbon|phone\u00bb global_colors_info=\u00bb{}\u00bb]<\/p>\n<p class=\"p1\">Situado en Caldas de Reis, Pontevedra. Esta finca cuenta con 36.000 m\u00b2 de superficie. Un Pazo rodeado de antiguos muros de piedra, que conserva la esencia tradicional. En el exterior, lo envuelven 13,5 hect\u00e1reas de bosque, jardines y vi\u00f1edos, que hacen de este enclave un lugar exclusivo, donde la privacidad y la tranquilidad estar\u00e1n garantizadas.<\/p>\n<p>[\/et_pb_text][et_pb_image src=\u00bbhttps:\/\/elpazoworkshop.com\/wp-content\/uploads\/2025\/01\/pazo-cn-00045_1_200325-169504949330488.jpg\u00bb title_text=\u00bbpazo-cn-00045_1_200325-169504949330488&#8243; url=\u00bbhttps:\/\/www.pazocasalnovo.com\u00bb url_new_window=\u00bbon\u00bb _builder_version=\u00bb4.27.4&#8243; _module_preset=\u00bbdefault\u00bb filter_saturate=\u00bb46%\u00bb animation_style=\u00bbslide\u00bb animation_direction=\u00bbleft\u00bb global_colors_info=\u00bb{}\u00bb][\/et_pb_image][et_pb_text _builder_version=\u00bb4.27.4&#8243; _module_preset=\u00bb_initial\u00bb text_font=\u00bbLeague Spartan||||||||\u00bb text_text_color=\u00bb#231f20&#8243; text_font_size=\u00bb24px\u00bb text_line_height=\u00bb1.8em\u00bb animation_style=\u00bbfade\u00bb text_font_size_tablet=\u00bb16px\u00bb text_font_size_phone=\u00bb19px\u00bb text_font_size_last_edited=\u00bbon|phone\u00bb global_colors_info=\u00bb{}\u00bb]<\/p>\n<p class=\"p1\">Berta, la persona que regenta el Pazo es en\u00f3loga y dirige el proceso de elaboraci\u00f3n del vino de los vi\u00f1edos del Pazo, adem\u00e1s le fascinan las flores y la decoraci\u00f3n. Cuenta tambi\u00e9n con su propio restaurante \u201cNectar\u201d. Estamos seguros de que vamos a disfrutar de la maravillosa gastronom\u00eda gallega y de sus vinos en manos de su anfitriona.<\/p>\n<p>[\/et_pb_text][\/et_pb_column][et_pb_column type=\u00bb2_5&#8243; _builder_version=\u00bb4.19.2&#8243; _module_preset=\u00bbdefault\u00bb use_background_color_gradient=\u00bbon\u00bb background_color_gradient_direction=\u00bb90deg\u00bb background_color_gradient_stops=\u00bb#ffffff 70%|gcid-fa957022-7f68-4c63-9382-2437a00591d9 70%\u00bb global_colors_info=\u00bb{%22gcid-fa957022-7f68-4c63-9382-2437a00591d9%22:%91%22background_color_gradient_stops%22%93}\u00bb][et_pb_image src=\u00bbhttps:\/\/elpazoworkshop.com\/wp-content\/uploads\/2025\/01\/donde.png\u00bb title_text=\u00bbdonde\u00bb url=\u00bbhttps:\/\/www.pazocasalnovo.com\u00bb url_new_window=\u00bbon\u00bb _builder_version=\u00bb4.27.4&#8243; _module_preset=\u00bbdefault\u00bb custom_margin=\u00bb8vw|-8vw|-4vw||false|false\u00bb custom_margin_tablet=\u00bb0vw|0vw|0vw||false|false\u00bb custom_margin_phone=\u00bb\u00bb custom_margin_last_edited=\u00bbon|tablet\u00bb animation_style=\u00bbslide\u00bb animation_direction=\u00bbright\u00bb global_colors_info=\u00bb{}\u00bb][\/et_pb_image][et_pb_text _builder_version=\u00bb4.27.4&#8243; _module_preset=\u00bb_initial\u00bb text_font=\u00bb&#8211;et_global_body_font||||||||\u00bb text_text_color=\u00bbrgba(0,0,0,0.73)\u00bb text_line_height=\u00bb1.8em\u00bb custom_padding=\u00bb85px||||false|false\u00bb custom_padding_tablet=\u00bb85px||||false|false\u00bb custom_padding_phone=\u00bb6px||||false|false\u00bb custom_padding_last_edited=\u00bbon|phone\u00bb animation_style=\u00bbfade\u00bb text_font_size_tablet=\u00bb\u00bb text_font_size_phone=\u00bb\u00bb text_font_size_last_edited=\u00bbon|phone\u00bb global_colors_info=\u00bb{}\u00bb]<\/p>\n<p class=\"p1\">Destacado por su jard\u00edn en donde combina \u00e1rboles de m\u00e1s de 150 a\u00f1os, muros de piedra con la historia de la casona para crear jardines de estilo naturalista. Un espacio de 7000 m2 dedicado al disfrute de los sentidos, distribuido en siete terrazas de diferente tama\u00f1o y exposici\u00f3n solar, que alberga 10 parterres con diferentes combinaciones de vivaces y gram\u00edneas, convirti\u00e9ndolo en el jard\u00edn de estas caracter\u00edsticas m\u00e1s grande de Espa\u00f1a.<\/p>\n<p class=\"p1\">[\/et_pb_text][\/et_pb_column][\/et_pb_row][\/et_pb_section][et_pb_section fb_built=\u00bb1&#8243; admin_label=\u00bbImages &#038; Video\u00bb _builder_version=\u00bb4.19.2&#8243; _module_preset=\u00bbdefault\u00bb use_background_color_gradient=\u00bbon\u00bb background_color_gradient_direction=\u00bb90deg\u00bb background_color_gradient_stops=\u00bbgcid-68c6b9ad-55a2-4756-9f20-a801af585cf6 64%|gcid-fa957022-7f68-4c63-9382-2437a00591d9 64%\u00bb custom_padding=\u00bb||0px||false|false\u00bb background_last_edited=\u00bbon|desktop\u00bb background_color_gradient_direction_tablet=\u00bb180deg\u00bb box_shadow_style=\u00bbpreset7&#8243; box_shadow_horizontal=\u00bb0px\u00bb box_shadow_vertical=\u00bb23vw\u00bb box_shadow_color=\u00bb#FFFFFF\u00bb collapsed=\u00bbon\u00bb global_colors_info=\u00bb{%22gcid-68c6b9ad-55a2-4756-9f20-a801af585cf6%22:%91%22background_color_gradient_stops%22%93,%22gcid-fa957022-7f68-4c63-9382-2437a00591d9%22:%91%22background_color_gradient_stops%22%93}\u00bb][et_pb_row column_structure=\u00bb1_2,1_2&#8243; _builder_version=\u00bb4.19.2&#8243; _module_preset=\u00bbdefault\u00bb global_colors_info=\u00bb{}\u00bb][et_pb_column type=\u00bb1_2&#8243; _builder_version=\u00bb4.19.2&#8243; _module_preset=\u00bbdefault\u00bb global_colors_info=\u00bb{}\u00bb][et_pb_image src=\u00bbhttps:\/\/elpazoworkshop.com\/wp-content\/uploads\/2025\/01\/comunidad-floral.png\u00bb title_text=\u00bbcomunidad floral\u00bb module_id=\u00bbabout\u00bb _builder_version=\u00bb4.27.4&#8243; _module_preset=\u00bbdefault\u00bb custom_margin=\u00bb|||-30vw|false|false\u00bb animation_style=\u00bbslide\u00bb animation_direction=\u00bbleft\u00bb global_colors_info=\u00bb{}\u00bb][\/et_pb_image][et_pb_text _builder_version=\u00bb4.27.4&#8243; _module_preset=\u00bb_initial\u00bb header_font=\u00bbBlack Mango||||||||\u00bb header_2_font=\u00bbBlack Mango||||||||\u00bb header_2_font_size=\u00bb60px\u00bb header_2_line_height=\u00bb1.2em\u00bb header_3_font=\u00bbKiona||||||||\u00bb animation_style=\u00bbslide\u00bb animation_direction=\u00bbtop\u00bb animation_duration=\u00bb750ms\u00bb header_2_font_size_tablet=\u00bb32px\u00bb header_2_font_size_phone=\u00bb45px\u00bb header_2_font_size_last_edited=\u00bbon|phone\u00bb header_3_font_size_tablet=\u00bb\u00bb header_3_font_size_phone=\u00bb21px\u00bb header_3_font_size_last_edited=\u00bbon|phone\u00bb global_colors_info=\u00bb{}\u00bb]<\/p>\n<h2>Sobre Nosotros<\/h2>\n<h3><strong>Somos Comunidad Floral, una agencia floral.<\/strong><\/h3>\n<p><b><\/b><\/p>\n<p>[\/et_pb_text][et_pb_text _builder_version=\u00bb4.27.4&#8243; _module_preset=\u00bb_initial\u00bb text_font=\u00bb&#8211;et_global_body_font||||||||\u00bb text_text_color=\u00bbrgba(0,0,0,0.73)\u00bb text_line_height=\u00bb1.8em\u00bb animation_style=\u00bbfade\u00bb text_font_size_tablet=\u00bb\u00bb text_font_size_phone=\u00bb\u00bb text_font_size_last_edited=\u00bbon|phone\u00bb global_colors_info=\u00bb{}\u00bb]<\/p>\n<p class=\"p1\">Somos Comunidad Floral, una agencia floral que ofrecemos una variedad de talleres y eventospara floristas dise\u00f1ados para inspirar, educar y deleitar a los amantes de las flores de todos losniveles de experiencia.<\/p>\n<p class=\"p1\">Despu\u00e9s de trabajar por los 5 continentes, participar en varias Copas del Mundo de Arte floral y organizar los eventos florales m\u00e1s prestigiosos, arrancamos esta experiencia que sin duda marcar\u00e1 un precedente en nuestro pa\u00eds.<\/p>\n<p>[\/et_pb_text][et_pb_button button_url=\u00bbhttps:\/\/www.comunidadfloral.com\/\u00bb url_new_window=\u00bbon\u00bb button_text=\u00bbSaber m\u00e1s\u00bb _builder_version=\u00bb4.27.4&#8243; _module_preset=\u00bb_initial\u00bb custom_button=\u00bbon\u00bb button_text_size=\u00bb14px\u00bb button_text_color=\u00bb#EBE1C8&#8243; button_bg_color=\u00bb#CD5914&#8243; button_border_width=\u00bb0px\u00bb button_border_radius=\u00bb0px\u00bb button_letter_spacing=\u00bb0.2em\u00bb button_font=\u00bbMontserrat|700||on|||||\u00bb custom_padding=\u00bb16px|24px|16px|24px|true|true\u00bb animation_style=\u00bbfade\u00bb global_colors_info=\u00bb{}\u00bb][\/et_pb_button][\/et_pb_column][et_pb_column type=\u00bb1_2&#8243; _builder_version=\u00bb4.19.2&#8243; _module_preset=\u00bbdefault\u00bb custom_padding=\u00bb10vw||||false|false\u00bb global_colors_info=\u00bb{}\u00bb][et_pb_image src=\u00bbhttps:\/\/elpazoworkshop.com\/wp-content\/uploads\/2025\/01\/logo-nuevo.png\u00bb title_text=\u00bblogo-nuevo\u00bb url=\u00bbhttps:\/\/www.comunidadfloral.com\/\u00bb _builder_version=\u00bb4.27.4&#8243; _module_preset=\u00bbdefault\u00bb max_width=\u00bb67%\u00bb module_alignment=\u00bbcenter\u00bb animation_style=\u00bbfade\u00bb global_colors_info=\u00bb{}\u00bb][\/et_pb_image][et_pb_text _builder_version=\u00bb4.27.4&#8243; _module_preset=\u00bb_initial\u00bb text_font=\u00bbLeague Spartan||||||||\u00bb text_text_color=\u00bb#231f20&#8243; text_font_size=\u00bb24px\u00bb text_line_height=\u00bb1.8em\u00bb animation_style=\u00bbfade\u00bb text_font_size_tablet=\u00bb16px\u00bb text_font_size_phone=\u00bb19px\u00bb text_font_size_last_edited=\u00bbon|phone\u00bb global_colors_info=\u00bb{}\u00bb]<\/p>\n<p class=\"p1\">Actualmente tambi\u00e9n tenemos un workshop en Almer\u00eda \u201cLa Fabrica Workshop\u201d desde hace 9 a\u00f1os esta enfocado en eventos y estamos inici\u00e1ndonos en esta nueva aventura norte\u00f1a \u201cEl PazoWorkshop\u201d enfocada en artesan\u00eda y en todo lo maravilloso que rodea al mundo de las flores.<\/p>\n<p>[\/et_pb_text][\/et_pb_column][\/et_pb_row][et_pb_row column_structure=\u00bb2_5,3_5&#8243; make_equal=\u00bbon\u00bb _builder_version=\u00bb4.19.2&#8243; _module_preset=\u00bbdefault\u00bb background_color=\u00bbgcid-fa957022-7f68-4c63-9382-2437a00591d9&#8243; custom_padding=\u00bb0px||0px||true|false\u00bb box_shadow_style=\u00bbpreset4&#8243; box_shadow_horizontal=\u00bb30vw\u00bb box_shadow_vertical=\u00bb0px\u00bb box_shadow_color=\u00bbgcid-fa957022-7f68-4c63-9382-2437a00591d9&#8243; box_shadow_color_tablet=\u00bbRGBA(255,255,255,0)\u00bb box_shadow_color_phone=\u00bb\u00bb box_shadow_color_last_edited=\u00bbon|tablet\u00bb global_colors_info=\u00bb{%22gcid-fa957022-7f68-4c63-9382-2437a00591d9%22:%91%22background_color%22,%22box_shadow_color%22%93}\u00bb][et_pb_column type=\u00bb2_5&#8243; _builder_version=\u00bb4.19.2&#8243; _module_preset=\u00bbdefault\u00bb use_background_color_gradient=\u00bbon\u00bb background_color_gradient_direction=\u00bb90deg\u00bb background_color_gradient_stops=\u00bb#ffffff 70%|gcid-fa957022-7f68-4c63-9382-2437a00591d9 70%\u00bb global_colors_info=\u00bb{%22gcid-fa957022-7f68-4c63-9382-2437a00591d9%22:%91%22background_color_gradient_stops%22%93}\u00bb][et_pb_image src=\u00bbhttps:\/\/elpazoworkshop.com\/wp-content\/uploads\/2025\/02\/Curso-de-flores-en-galicia.jpg\u00bb title_text=\u00bbCurso-de-flores-en-galicia\u00bb _builder_version=\u00bb4.27.4&#8243; _module_preset=\u00bbdefault\u00bb custom_margin=\u00bb8vw|-8vw|-4vw||false|false\u00bb custom_margin_tablet=\u00bb0vw|0vw|0vw||false|false\u00bb custom_margin_phone=\u00bb\u00bb custom_margin_last_edited=\u00bbon|tablet\u00bb animation_style=\u00bbfade\u00bb global_colors_info=\u00bb{}\u00bb][\/et_pb_image][et_pb_image src=\u00bbhttps:\/\/elpazoworkshop.com\/wp-content\/uploads\/2025\/01\/basket-2246734_1280.jpg\u00bb title_text=\u00bbbasket-2246734_1280&#8243; _builder_version=\u00bb4.27.4&#8243; _module_preset=\u00bbdefault\u00bb transform_scale=\u00bb99%|99%\u00bb transform_scale_tablet=\u00bb99%|99%\u00bb transform_scale_phone=\u00bb99%|99%\u00bb transform_scale_last_edited=\u00bbon|phone\u00bb transform_translate=\u00bb-39px|-39px\u00bb transform_translate_tablet=\u00bb-39px|-39px\u00bb transform_translate_phone=\u00bb-39px|-39px\u00bb transform_translate_last_edited=\u00bbon|desktop\u00bb custom_margin_tablet=\u00bb\u00bb custom_margin_phone=\u00bb-47px||||false|false\u00bb custom_margin_last_edited=\u00bbon|phone\u00bb animation_style=\u00bbfade\u00bb scroll_vertical_motion_enable=\u00bbon\u00bb scroll_vertical_motion=\u00bb0|50|50|100|1|0|0&#8243; global_colors_info=\u00bb{}\u00bb][\/et_pb_image][\/et_pb_column][et_pb_column type=\u00bb3_5&#8243; _builder_version=\u00bb4.19.2&#8243; _module_preset=\u00bbdefault\u00bb custom_padding=\u00bb4vw|||8vw|false|false\u00bb custom_padding_tablet=\u00bb0vw|30px|30px|30px|false|true\u00bb custom_padding_phone=\u00bb|20px|20px|20px|false|true\u00bb custom_padding_last_edited=\u00bbon|desktop\u00bb global_colors_info=\u00bb{}\u00bb][et_pb_text _builder_version=\u00bb4.27.4&#8243; _module_preset=\u00bb_initial\u00bb header_font=\u00bbBlack Mango||||||||\u00bb header_2_font=\u00bbBlack Mango||||||||\u00bb header_2_font_size=\u00bb60px\u00bb header_2_line_height=\u00bb1.2em\u00bb header_3_font=\u00bbKiona||||||||\u00bb animation_style=\u00bbslide\u00bb animation_direction=\u00bbtop\u00bb animation_duration=\u00bb750ms\u00bb header_2_font_size_tablet=\u00bb32px\u00bb header_2_font_size_phone=\u00bb45px\u00bb header_2_font_size_last_edited=\u00bbon|phone\u00bb header_3_font_size_tablet=\u00bb\u00bb header_3_font_size_phone=\u00bb21px\u00bb header_3_font_size_last_edited=\u00bbon|phone\u00bb global_colors_info=\u00bb{}\u00bb]<\/p>\n<h2>NUESTRA VISI\u00d3N<\/h2>\n<h3><b>Arte Floral y Artesan\u00eda. <\/b><b>La Rebeld\u00eda de Crear en un Mundo de Inmediatez <\/b><\/h3>\n<p><b><\/b><\/p>\n<p>[\/et_pb_text][et_pb_text _builder_version=\u00bb4.27.4&#8243; _module_preset=\u00bb_initial\u00bb text_font=\u00bb&#8211;et_global_body_font||||||||\u00bb text_text_color=\u00bbrgba(0,0,0,0.73)\u00bb text_line_height=\u00bb1.8em\u00bb animation_style=\u00bbfade\u00bb text_font_size_tablet=\u00bb\u00bb text_font_size_phone=\u00bb\u00bb text_font_size_last_edited=\u00bbon|phone\u00bb global_colors_info=\u00bb{}\u00bb]<\/p>\n<p class=\"p1\">En un mundo dominado por la velocidad, donde todo parece dise\u00f1ado para consumirse al instante, detenerse a crear con las manos se convierte en un acto de resistencia.<\/p>\n<p class=\"p1\">Este workshop no solo es un espacio para explorar el arte floral y la artesan\u00eda, sino tambi\u00e9n una invitaci\u00f3n a desafiar el ritmo vertiginoso de nuestra \u00e9poca. Hacer artesan\u00eda y trabajar con flores nos obliga a mirar con atenci\u00f3n, a apreciar los detalles y a valorar los procesos que requieren tiempo y dedicaci\u00f3n. Es un recordatorio de que lo aut\u00e9ntico no puede apresurarse y de que la belleza verdadera, aquella que conecta con lo humano, surge de la calma y el compromiso<\/p>\n<p>[\/et_pb_text][et_pb_button button_url=\u00bb@ET-DC@eyJkeW5hbWljIjp0cnVlLCJjb250ZW50IjoicG9zdF9saW5rX3VybF9wcm9kdWN0Iiwic2V0dGluZ3MiOnsicG9zdF9pZCI6IjE0NiJ9fQ==@\u00bb button_text=\u00bbReserva tu workshop\u00bb _builder_version=\u00bb4.27.4&#8243; _dynamic_attributes=\u00bbbutton_url\u00bb _module_preset=\u00bb_initial\u00bb custom_button=\u00bbon\u00bb button_text_size=\u00bb14px\u00bb button_text_color=\u00bb#000000&#8243; button_bg_color=\u00bbRGBA(255,255,255,0)\u00bb button_border_color=\u00bb#000000&#8243; button_border_radius=\u00bb0px\u00bb button_letter_spacing=\u00bb0.2em\u00bb button_font=\u00bbInter|600||on|||||\u00bb custom_padding=\u00bb16px|24px|16px|24px|true|true\u00bb animation_style=\u00bbfade\u00bb global_colors_info=\u00bb{}\u00bb][\/et_pb_button][\/et_pb_column][\/et_pb_row][et_pb_row column_structure=\u00bb3_5,2_5&#8243; make_equal=\u00bbon\u00bb _builder_version=\u00bb4.27.4&#8243; _module_preset=\u00bbdefault\u00bb background_color=\u00bbgcid-fa957022-7f68-4c63-9382-2437a00591d9&#8243; custom_padding=\u00bb0px||0px||true|false\u00bb box_shadow_style=\u00bbpreset4&#8243; box_shadow_horizontal=\u00bb30vw\u00bb box_shadow_vertical=\u00bb0px\u00bb box_shadow_color=\u00bbgcid-fa957022-7f68-4c63-9382-2437a00591d9&#8243; box_shadow_color_tablet=\u00bbRGBA(255,255,255,0)\u00bb box_shadow_color_phone=\u00bb\u00bb box_shadow_color_last_edited=\u00bbon|tablet\u00bb global_colors_info=\u00bb{%22gcid-fa957022-7f68-4c63-9382-2437a00591d9%22:%91%22background_color%22,%22box_shadow_color%22%93}\u00bb][et_pb_column type=\u00bb3_5&#8243; _builder_version=\u00bb4.19.2&#8243; _module_preset=\u00bbdefault\u00bb custom_padding=\u00bb4vw|||8vw|false|false\u00bb custom_padding_tablet=\u00bb0vw|30px|30px|30px|false|true\u00bb custom_padding_phone=\u00bb|20px|20px|20px|false|true\u00bb custom_padding_last_edited=\u00bbon|desktop\u00bb global_colors_info=\u00bb{}\u00bb][et_pb_text module_id=\u00bbtaller\u00bb _builder_version=\u00bb4.27.4&#8243; _module_preset=\u00bb_initial\u00bb header_font=\u00bbBlack Mango||||||||\u00bb header_2_font=\u00bbBlack Mango||||||||\u00bb header_2_font_size=\u00bb60px\u00bb header_2_line_height=\u00bb1.2em\u00bb header_3_font=\u00bbKiona||||||||\u00bb header_3_font_size=\u00bb38px\u00bb animation_style=\u00bbslide\u00bb animation_direction=\u00bbtop\u00bb animation_duration=\u00bb750ms\u00bb header_2_font_size_tablet=\u00bb32px\u00bb header_2_font_size_phone=\u00bb45px\u00bb header_2_font_size_last_edited=\u00bbon|phone\u00bb header_3_font_size_tablet=\u00bb\u00bb header_3_font_size_phone=\u00bb31px\u00bb header_3_font_size_last_edited=\u00bbon|phone\u00bb global_colors_info=\u00bb{}\u00bb]<\/p>\n<h2>EL WORKSHOP<\/h2>\n<h3><b>Pr\u00f3xima edici\u00f3n<\/b><\/h3>\n<h4><b>25 al 27 <\/b><b>Mayo 2026<\/b><\/h4>\n<p>[\/et_pb_text][et_pb_text _builder_version=\u00bb4.27.4&#8243; _module_preset=\u00bb_initial\u00bb text_font=\u00bb&#8211;et_global_body_font||||||||\u00bb text_text_color=\u00bbrgba(0,0,0,0.73)\u00bb text_line_height=\u00bb1.8em\u00bb animation_style=\u00bbfade\u00bb text_font_size_tablet=\u00bb\u00bb text_font_size_phone=\u00bb\u00bb text_font_size_last_edited=\u00bbon|phone\u00bb global_colors_info=\u00bb{}\u00bb]<\/p>\n<p class=\"p1\">Dividiremos el Workshop en 3 d\u00edas con la intenci\u00f3n de fusionar medio d\u00eda de arte floral con medio d\u00eda de artesan\u00eda. Nuestra idea es tener tres ponentes dedicados al arte floral y otros tres ponentes dedicados a otras disciplinas art\u00edsticas. Al final de cada d\u00eda nos gustar\u00eda ver una fusi\u00f3n entre las dos ponencias con el taller pr\u00e1ctico de ambos.<\/p>\n<p>[\/et_pb_text][et_pb_image src=\u00bbhttps:\/\/elpazoworkshop.com\/wp-content\/uploads\/2025\/02\/elpazoworkshop.jpg\u00bb title_text=\u00bbelpazoworkshop\u00bb _builder_version=\u00bb4.27.4&#8243; _module_preset=\u00bbdefault\u00bb animation_style=\u00bbslide\u00bb animation_direction=\u00bbleft\u00bb global_colors_info=\u00bb{}\u00bb text_font_size_tablet=\u00bb16px\u00bb text_font_size_phone=\u00bb19px\u00bb text_font_size_last_edited=\u00bbon|phone\u00bb][\/et_pb_image][et_pb_text _builder_version=\u00bb4.27.4&#8243; _module_preset=\u00bb_initial\u00bb text_font=\u00bbLeague Spartan||||||||\u00bb text_text_color=\u00bb#231f20&#8243; text_font_size=\u00bb24px\u00bb text_line_height=\u00bb1.8em\u00bb animation_style=\u00bbfade\u00bb text_font_size_tablet=\u00bb16px\u00bb text_font_size_phone=\u00bb19px\u00bb text_font_size_last_edited=\u00bbon|phone\u00bb global_colors_info=\u00bb{}\u00bb]<\/p>\n<p class=\"p1\">Las personas interesadas en asistir a este evento \u00fanico, pueden reservar desde uno, dos o el pase completo de los tres d\u00edas.<\/p>\n<p>[\/et_pb_text][\/et_pb_column][et_pb_column type=\u00bb2_5&#8243; _builder_version=\u00bb4.19.2&#8243; _module_preset=\u00bbdefault\u00bb use_background_color_gradient=\u00bbon\u00bb background_color_gradient_direction=\u00bb90deg\u00bb background_color_gradient_stops=\u00bb#ffffff 70%|gcid-fa957022-7f68-4c63-9382-2437a00591d9 70%\u00bb global_colors_info=\u00bb{%22gcid-fa957022-7f68-4c63-9382-2437a00591d9%22:%91%22background_color_gradient_stops%22%93}\u00bb][et_pb_image src=\u00bbhttps:\/\/elpazoworkshop.com\/wp-content\/uploads\/2025\/01\/workshop.png\u00bb title_text=\u00bbworkshop\u00bb _builder_version=\u00bb4.27.4&#8243; _module_preset=\u00bbdefault\u00bb custom_margin=\u00bb8vw|-8vw|-4vw||false|false\u00bb custom_margin_tablet=\u00bb0vw|0vw|0vw||false|false\u00bb custom_margin_phone=\u00bb\u00bb custom_margin_last_edited=\u00bbon|tablet\u00bb animation_style=\u00bbslide\u00bb animation_direction=\u00bbright\u00bb global_colors_info=\u00bb{}\u00bb][\/et_pb_image][et_pb_text _builder_version=\u00bb4.27.4&#8243; _module_preset=\u00bb_initial\u00bb text_font=\u00bb&#8211;et_global_body_font||||||||\u00bb text_text_color=\u00bbrgba(0,0,0,0.73)\u00bb text_line_height=\u00bb1.8em\u00bb custom_padding=\u00bb85px||||false|false\u00bb custom_padding_tablet=\u00bb85px||||false|false\u00bb custom_padding_phone=\u00bb85px||||false|false\u00bb custom_padding_last_edited=\u00bbon|desktop\u00bb animation_style=\u00bbfade\u00bb text_font_size_tablet=\u00bb\u00bb text_font_size_phone=\u00bb\u00bb text_font_size_last_edited=\u00bbon|phone\u00bb global_colors_info=\u00bb{}\u00bb]<\/p>\n<p class=\"p1\">Las comidas se hacen el el propio Pazo para crear networking entre todos los asistentes.<\/p>\n<p class=\"p1\">[\/et_pb_text][\/et_pb_column][\/et_pb_row][et_pb_row column_structure=\u00bb2_5,3_5&#8243; make_equal=\u00bbon\u00bb _builder_version=\u00bb4.19.2&#8243; _module_preset=\u00bbdefault\u00bb background_color=\u00bbgcid-fa957022-7f68-4c63-9382-2437a00591d9&#8243; custom_padding=\u00bb0px||0px||true|false\u00bb box_shadow_style=\u00bbpreset4&#8243; box_shadow_horizontal=\u00bb30vw\u00bb box_shadow_vertical=\u00bb0px\u00bb box_shadow_color=\u00bbgcid-fa957022-7f68-4c63-9382-2437a00591d9&#8243; box_shadow_color_tablet=\u00bbRGBA(255,255,255,0)\u00bb box_shadow_color_phone=\u00bb\u00bb box_shadow_color_last_edited=\u00bbon|tablet\u00bb global_colors_info=\u00bb{%22gcid-fa957022-7f68-4c63-9382-2437a00591d9%22:%91%22background_color%22,%22box_shadow_color%22%93}\u00bb][et_pb_column type=\u00bb2_5&#8243; _builder_version=\u00bb4.19.2&#8243; _module_preset=\u00bbdefault\u00bb use_background_color_gradient=\u00bbon\u00bb background_color_gradient_direction=\u00bb90deg\u00bb background_color_gradient_stops=\u00bb#ffffff 70%|gcid-fa957022-7f68-4c63-9382-2437a00591d9 70%\u00bb global_colors_info=\u00bb{%22gcid-fa957022-7f68-4c63-9382-2437a00591d9%22:%91%22background_color_gradient_stops%22%93}\u00bb][et_pb_image src=\u00bbhttps:\/\/elpazoworkshop.com\/wp-content\/uploads\/2025\/01\/Para-quien.png\u00bb title_text=\u00bbPara quie\u0301n\u00bb _builder_version=\u00bb4.27.4&#8243; _module_preset=\u00bbdefault\u00bb custom_margin=\u00bb8vw|-8vw|-4vw||false|false\u00bb custom_margin_tablet=\u00bb0vw|0vw|0vw||false|false\u00bb custom_margin_phone=\u00bb\u00bb custom_margin_last_edited=\u00bbon|tablet\u00bb animation_style=\u00bbslide\u00bb animation_direction=\u00bbleft\u00bb global_colors_info=\u00bb{}\u00bb][\/et_pb_image][et_pb_text _builder_version=\u00bb4.27.4&#8243; _module_preset=\u00bb_initial\u00bb text_font=\u00bb&#8211;et_global_body_font||||||||\u00bb text_text_color=\u00bbrgba(0,0,0,0.73)\u00bb text_line_height=\u00bb1.8em\u00bb custom_padding=\u00bb85px||||false|false\u00bb custom_padding_tablet=\u00bb85px||||false|false\u00bb custom_padding_phone=\u00bb10px||||false|false\u00bb custom_padding_last_edited=\u00bbon|phone\u00bb animation_style=\u00bbfade\u00bb text_font_size_tablet=\u00bb\u00bb text_font_size_phone=\u00bb\u00bb text_font_size_last_edited=\u00bbon|phone\u00bb global_colors_info=\u00bb{}\u00bb]<\/p>\n<p class=\"p1\">Si buscas un espacio donde lo tradicional se encuentre con lo moderno, donde tu creatividad florezca y encuentres una red de apoyo que comparta tu pasi\u00f3n, este Workshop es para ti.<\/p>\n<p>[\/et_pb_text][et_pb_text _builder_version=\u00bb4.27.4&#8243; _module_preset=\u00bb_initial\u00bb text_font=\u00bbLeague Spartan||||||||\u00bb text_text_color=\u00bb#231f20&#8243; text_font_size=\u00bb24px\u00bb text_line_height=\u00bb1.8em\u00bb custom_padding=\u00bb||||false|false\u00bb custom_padding_tablet=\u00bb88px||||false|false\u00bb custom_padding_phone=\u00bb0px||||false|false\u00bb custom_padding_last_edited=\u00bbon|phone\u00bb animation_style=\u00bbfade\u00bb text_font_size_tablet=\u00bb16px\u00bb text_font_size_phone=\u00bb22px\u00bb text_font_size_last_edited=\u00bbon|phone\u00bb global_colors_info=\u00bb{}\u00bb]<\/p>\n<p class=\"p1\">Porque cada alma creativa necesita un momento para reinventarse.<\/p>\n<p>[\/et_pb_text][\/et_pb_column][et_pb_column type=\u00bb3_5&#8243; _builder_version=\u00bb4.19.2&#8243; _module_preset=\u00bbdefault\u00bb custom_padding=\u00bb4vw|||8vw|false|false\u00bb custom_padding_tablet=\u00bb0vw|30px|30px|30px|false|true\u00bb custom_padding_phone=\u00bb|20px|20px|20px|false|true\u00bb custom_padding_last_edited=\u00bbon|desktop\u00bb global_colors_info=\u00bb{}\u00bb][et_pb_text _builder_version=\u00bb4.27.4&#8243; _module_preset=\u00bb_initial\u00bb header_font=\u00bbBlack Mango||||||||\u00bb header_2_font=\u00bbBlack Mango||||||||\u00bb header_2_font_size=\u00bb60px\u00bb header_2_line_height=\u00bb1.2em\u00bb header_3_font=\u00bbKiona||||||||\u00bb animation_style=\u00bbslide\u00bb animation_direction=\u00bbtop\u00bb animation_duration=\u00bb750ms\u00bb header_2_font_size_tablet=\u00bb32px\u00bb header_2_font_size_phone=\u00bb45px\u00bb header_2_font_size_last_edited=\u00bbon|phone\u00bb header_3_font_size_tablet=\u00bb\u00bb header_3_font_size_phone=\u00bb21px\u00bb header_3_font_size_last_edited=\u00bbon|phone\u00bb global_colors_info=\u00bb{}\u00bb]<\/p>\n<h2><i>\u00bfPARA QUI\u00c9N?<\/i><\/h2>\n<h3><b>Retiro creativo. Arte, Tradici\u00f3n y conexi\u00f3n<\/b><\/h3>\n<p><b><\/b><\/p>\n<p>[\/et_pb_text][et_pb_text _builder_version=\u00bb4.27.4&#8243; _module_preset=\u00bb_initial\u00bb text_font=\u00bb&#8211;et_global_body_font||||||||\u00bb text_text_color=\u00bbrgba(0,0,0,0.73)\u00bb text_line_height=\u00bb1.8em\u00bb animation_style=\u00bbfade\u00bb text_font_size_tablet=\u00bb\u00bb text_font_size_phone=\u00bb\u00bb text_font_size_last_edited=\u00bbon|phone\u00bb global_colors_info=\u00bb{}\u00bb]<\/p>\n<p class=\"p1\">Est\u00e1 dise\u00f1ado para aquellos que buscan inspiraci\u00f3n, crecimiento personal y con una comunidad creativa \u00fanica.<\/p>\n<p class=\"p1\"><b>\u00bfPara qui\u00e9n es El Pazo workshop?<\/b><b><\/b><\/p>\n<p>[\/et_pb_text][et_pb_accordion open_toggle_text_color=\u00bb#000000&#8243; open_toggle_background_color=\u00bbrgba(235,225,200,0.5)\u00bb closed_toggle_background_color=\u00bbRGBA(255,255,255,0)\u00bb _builder_version=\u00bb4.27.4&#8243; _module_preset=\u00bbdefault\u00bb toggle_font=\u00bbKiona|600|||||||\u00bb toggle_font_size=\u00bb17px\u00bb body_font=\u00bb&#8211;et_global_body_font||||||||\u00bb custom_margin=\u00bb||||false|false\u00bb custom_padding=\u00bb||||false|false\u00bb border_width_all=\u00bb0px\u00bb border_width_bottom=\u00bb2px\u00bb border_color_bottom=\u00bbrgba(0,0,0,0.64)\u00bb global_colors_info=\u00bb{}\u00bb][et_pb_accordion_item title=\u00bbArtesanos del arte floral:\u00bb open=\u00bbon\u00bb icon_color=\u00bb#768f73&#8243; toggle_icon=\u00bb&#x4e;||divi||400&#8243; _builder_version=\u00bb4.27.4&#8243; _module_preset=\u00bbdefault\u00bb global_colors_info=\u00bb{}\u00bb]<\/p>\n<p class=\"p1\">Profesionales y apasionados que quieran explorar nuevas perspectivas y nutrir su creatividad.<\/p>\n<p>[\/et_pb_accordion_item][et_pb_accordion_item title=\u00bbAmantes de la artesan\u00eda tradicional:\u00bb icon_color=\u00bb#768f73&#8243; toggle_icon=\u00bb&#x4e;||divi||400&#8243; _builder_version=\u00bb4.27.4&#8243; _module_preset=\u00bbdefault\u00bb global_colors_info=\u00bb{}\u00bb open=\u00bboff\u00bb]<\/p>\n<p class=\"p1\">Personas que valoran las t\u00e9cnicas ancestrales y buscan integrarlas en su arte contempor\u00e1neo.<\/p>\n<p>[\/et_pb_accordion_item][et_pb_accordion_item title=\u00bbCreadores en b\u00fasqueda de inspiraci\u00f3n:\u00bb icon_color=\u00bb#768f73&#8243; toggle_icon=\u00bb&#x4e;||divi||400&#8243; _builder_version=\u00bb4.27.4&#8243; _module_preset=\u00bbdefault\u00bb global_colors_info=\u00bb{}\u00bb open=\u00bboff\u00bb]<\/p>\n<p class=\"p1\">Aquellos que sienten que es momento de renovarse y romper la rutina.<\/p>\n<p>[\/et_pb_accordion_item][et_pb_accordion_item title=\u00bbIndividuos que desean conocerse mejor:\u00bb icon_color=\u00bb#768f73&#8243; toggle_icon=\u00bb&#x4e;||divi||400&#8243; _builder_version=\u00bb4.27.4&#8243; _module_preset=\u00bbdefault\u00bb global_colors_info=\u00bb{}\u00bb open=\u00bboff\u00bb]<\/p>\n<p class=\"p1\">A trav\u00e9s del estudio de la personalidad, reforzaremos tus cualidades positivas y te ayudaremos a brillar en tu vida y en tu trabajo.<\/p>\n<p>[\/et_pb_accordion_item][et_pb_accordion_item title=\u00bbSo\u00f1adores que creen en la fuerza del networking:\u00bb icon_color=\u00bb#768f73&#8243; toggle_icon=\u00bb&#x4e;||divi||400&#8243; _builder_version=\u00bb4.27.4&#8243; _module_preset=\u00bbdefault\u00bb global_colors_info=\u00bb{}\u00bb open=\u00bboff\u00bb]<\/p>\n<p class=\"p1\">Porque crecer juntos es la mejor forma de avanzar.<\/p>\n<p>[\/et_pb_accordion_item][\/et_pb_accordion][\/et_pb_column][\/et_pb_row][et_pb_row _builder_version=\u00bb4.27.4&#8243; _module_preset=\u00bbdefault\u00bb global_colors_info=\u00bb{}\u00bb][et_pb_column type=\u00bb4_4&#8243; _builder_version=\u00bb4.27.4&#8243; _module_preset=\u00bbdefault\u00bb global_colors_info=\u00bb{}\u00bb][et_pb_divider color=\u00bb#000000&#8243; _builder_version=\u00bb4.27.4&#8243; _module_preset=\u00bbdefault\u00bb global_colors_info=\u00bb{}\u00bb][\/et_pb_divider][\/et_pb_column][\/et_pb_row][et_pb_row _builder_version=\u00bb4.27.4&#8243; _module_preset=\u00bbdefault\u00bb global_colors_info=\u00bb{}\u00bb][et_pb_column type=\u00bb4_4&#8243; _builder_version=\u00bb4.27.4&#8243; _module_preset=\u00bbdefault\u00bb global_colors_info=\u00bb{}\u00bb][et_pb_heading title=\u00bbPatrocinadores principales\u00bb _builder_version=\u00bb4.27.4&#8243; _module_preset=\u00bbdefault\u00bb title_level=\u00bbh2&#8243; title_text_align=\u00bbcenter\u00bb title_font_size=\u00bb37px\u00bb global_colors_info=\u00bb{}\u00bb][\/et_pb_heading][\/et_pb_column][\/et_pb_row][et_pb_row column_structure=\u00bb1_2,1_2&#8243; _builder_version=\u00bb4.27.4&#8243; _module_preset=\u00bbdefault\u00bb global_colors_info=\u00bb{}\u00bb][et_pb_column type=\u00bb1_2&#8243; _builder_version=\u00bb4.27.4&#8243; _module_preset=\u00bbdefault\u00bb global_colors_info=\u00bb{}\u00bb][et_pb_image src=\u00bbhttps:\/\/elpazoworkshop.com\/wp-content\/uploads\/2025\/04\/logo-Aurora-Flowers-300&#215;215.jpg\u00bb title_text=\u00bblogo-Aurora-Flowers\u00bb url=\u00bbhttps:\/\/auroraflowers.nl\/es\/\u00bb url_new_window=\u00bbon\u00bb _builder_version=\u00bb4.27.4&#8243; _module_preset=\u00bbdefault\u00bb width=\u00bb49%\u00bb max_width=\u00bb49%\u00bb module_alignment=\u00bbcenter\u00bb global_colors_info=\u00bb{}\u00bb][\/et_pb_image][\/et_pb_column][et_pb_column type=\u00bb1_2&#8243; _builder_version=\u00bb4.27.4&#8243; _module_preset=\u00bbdefault\u00bb global_colors_info=\u00bb{}\u00bb][et_pb_image src=\u00bbhttps:\/\/elpazoworkshop.com\/wp-content\/uploads\/2025\/04\/Logo-Oasis-300&#215;215.jpg\u00bb title_text=\u00bbLogo-Oasis\u00bb url=\u00bbhttps:\/\/oasisfloral.es\u00bb url_new_window=\u00bbon\u00bb _builder_version=\u00bb4.27.4&#8243; _module_preset=\u00bbdefault\u00bb width=\u00bb49%\u00bb max_width=\u00bb49%\u00bb module_alignment=\u00bbcenter\u00bb global_colors_info=\u00bb{}\u00bb][\/et_pb_image][\/et_pb_column][\/et_pb_row][et_pb_row _builder_version=\u00bb4.27.4&#8243; _module_preset=\u00bbdefault\u00bb global_colors_info=\u00bb{}\u00bb][et_pb_column type=\u00bb4_4&#8243; _builder_version=\u00bb4.27.4&#8243; _module_preset=\u00bbdefault\u00bb global_colors_info=\u00bb{}\u00bb][et_pb_divider _builder_version=\u00bb4.27.4&#8243; _module_preset=\u00bbdefault\u00bb global_colors_info=\u00bb{}\u00bb][\/et_pb_divider][et_pb_heading title=\u00bbColaboradores\u00bb _builder_version=\u00bb4.27.4&#8243; _module_preset=\u00bbdefault\u00bb title_level=\u00bbh3&#8243; title_text_align=\u00bbcenter\u00bb title_font_size=\u00bb28px\u00bb global_colors_info=\u00bb{}\u00bb][\/et_pb_heading][\/et_pb_column][\/et_pb_row][et_pb_row column_structure=\u00bb1_5,1_5,1_5,1_5,1_5&#8243; _builder_version=\u00bb4.27.4&#8243; _module_preset=\u00bbdefault\u00bb global_colors_info=\u00bb{}\u00bb][et_pb_column type=\u00bb1_5&#8243; _builder_version=\u00bb4.27.4&#8243; _module_preset=\u00bbdefault\u00bb global_colors_info=\u00bb{}\u00bb][et_pb_image src=\u00bbhttps:\/\/elpazoworkshop.com\/wp-content\/uploads\/2025\/04\/WhatsApp-Image-2025-04-30-at-12.22.42-1-300&#215;300.jpeg\u00bb title_text=\u00bbWhatsApp Image 2025-04-30 at 12.22.42&#8243; url=\u00bbhttps:\/\/lagardenia.es\u00bb url_new_window=\u00bbon\u00bb align=\u00bbcenter\u00bb _builder_version=\u00bb4.27.4&#8243; _module_preset=\u00bbdefault\u00bb width=\u00bb80%\u00bb max_width=\u00bb80%\u00bb module_alignment=\u00bbcenter\u00bb global_colors_info=\u00bb{}\u00bb][\/et_pb_image][\/et_pb_column][et_pb_column type=\u00bb1_5&#8243; _builder_version=\u00bb4.27.4&#8243; _module_preset=\u00bbdefault\u00bb global_colors_info=\u00bb{}\u00bb][\/et_pb_column][et_pb_column type=\u00bb1_5&#8243; _builder_version=\u00bb4.27.4&#8243; _module_preset=\u00bbdefault\u00bb global_colors_info=\u00bb{}\u00bb][et_pb_image src=\u00bbhttps:\/\/elpazoworkshop.com\/wp-content\/uploads\/2025\/04\/logoprincipal2.png\u00bb title_text=\u00bblogoprincipal2&#8243; url=\u00bbhttps:\/\/www.pazocasalnovo.com\u00bb url_new_window=\u00bbon\u00bb align=\u00bbcenter\u00bb _builder_version=\u00bb4.27.4&#8243; _module_preset=\u00bbdefault\u00bb width=\u00bb60%\u00bb max_width=\u00bb60%\u00bb module_alignment=\u00bbcenter\u00bb global_colors_info=\u00bb{}\u00bb][\/et_pb_image][\/et_pb_column][et_pb_column type=\u00bb1_5&#8243; _builder_version=\u00bb4.27.4&#8243; _module_preset=\u00bbdefault\u00bb global_colors_info=\u00bb{}\u00bb][\/et_pb_column][et_pb_column type=\u00bb1_5&#8243; _builder_version=\u00bb4.27.4&#8243; _module_preset=\u00bbdefault\u00bb global_colors_info=\u00bb{}\u00bb][et_pb_image src=\u00bbhttps:\/\/elpazoworkshop.com\/wp-content\/uploads\/2025\/04\/srlweb.jpg\u00bb title_text=\u00bbsrlweb\u00bb url=\u00bbhttps:\/\/srlflores.com\/es\/home-2\/\u00bb url_new_window=\u00bbon\u00bb align=\u00bbcenter\u00bb _builder_version=\u00bb4.27.4&#8243; _module_preset=\u00bbdefault\u00bb width=\u00bb80%\u00bb max_width=\u00bb80%\u00bb module_alignment=\u00bbcenter\u00bb global_colors_info=\u00bb{}\u00bb][\/et_pb_image][\/et_pb_column][\/et_pb_row][et_pb_row _builder_version=\u00bb4.27.4&#8243; _module_preset=\u00bbdefault\u00bb global_colors_info=\u00bb{}\u00bb][et_pb_column type=\u00bb4_4&#8243; _builder_version=\u00bb4.27.4&#8243; _module_preset=\u00bbdefault\u00bb global_colors_info=\u00bb{}\u00bb][et_pb_divider _builder_version=\u00bb4.27.4&#8243; _module_preset=\u00bbdefault\u00bb global_colors_info=\u00bb{}\u00bb][\/et_pb_divider][\/et_pb_column][\/et_pb_row][\/et_pb_section][et_pb_section fb_built=\u00bb1&#8243; admin_label=\u00bbFooter\u00bb _builder_version=\u00bb4.27.4&#8243; _module_preset=\u00bbdefault\u00bb background_color=\u00bbgcid-fa957022-7f68-4c63-9382-2437a00591d9&#8243; background_pattern_repeat_origin=\u00bbbottom_left\u00bb background_pattern_horizontal_offset=\u00bb-21%\u00bb background_pattern_vertical_offset=\u00bb-26%\u00bb background_pattern_repeat=\u00bbrepeat-x\u00bb custom_margin=\u00bb20px|||||\u00bb custom_padding=\u00bb0px||0px||true|false\u00bb saved_tabs=\u00bball\u00bb collapsed=\u00bbon\u00bb global_colors_info=\u00bb{%22gcid-fa957022-7f68-4c63-9382-2437a00591d9%22:%91%22background_color%22%93}\u00bb][et_pb_row column_structure=\u00bb1_3,1_3,1_3&#8243; make_equal=\u00bbon\u00bb custom_padding_last_edited=\u00bbon|tablet\u00bb _builder_version=\u00bb4.27.4&#8243; _module_preset=\u00bbdefault\u00bb background_enable_color=\u00bboff\u00bb width=\u00bb100%\u00bb max_width=\u00bb100%\u00bb custom_padding=\u00bb0px|60px|0px|60px|true|true\u00bb custom_padding_tablet=\u00bb30px|30px|30px|30px|true|true\u00bb custom_padding_phone=\u00bb20px|20px|20px|20px|true|true\u00bb global_colors_info=\u00bb{%22gcid-68c6b9ad-55a2-4756-9f20-a801af585cf6%22:%91%22background_color%22%93}\u00bb][et_pb_column type=\u00bb1_3&#8243; _builder_version=\u00bb4.27.4&#8243; _module_preset=\u00bbdefault\u00bb custom_padding=\u00bb119px||||false|false\u00bb custom_padding_tablet=\u00bb0px||||false|false\u00bb custom_padding_phone=\u00bb0px||||false|false\u00bb custom_padding_last_edited=\u00bbon|phone\u00bb global_colors_info=\u00bb{}\u00bb][et_pb_image src=\u00bbhttps:\/\/elpazoworkshop.com\/wp-content\/uploads\/2025\/01\/EL-PAZO-BLACK.png\u00bb title_text=\u00bbEL PAZO BLACK\u00bb _builder_version=\u00bb4.27.4&#8243; _module_preset=\u00bbdefault\u00bb width=\u00bb90%\u00bb animation_style=\u00bbslide\u00bb animation_direction=\u00bbleft\u00bb global_colors_info=\u00bb{}\u00bb][\/et_pb_image][\/et_pb_column][et_pb_column type=\u00bb1_3&#8243; _builder_version=\u00bb4.27.4&#8243; _module_preset=\u00bbdefault\u00bb background_image=\u00bbhttps:\/\/elpazoworkshop.com\/wp-content\/uploads\/2025\/01\/flores.png\u00bb animation_style=\u00bbslide\u00bb animation_direction=\u00bbbottom\u00bb global_colors_info=\u00bb{}\u00bb][et_pb_image _builder_version=\u00bb4.27.4&#8243; _module_preset=\u00bbdefault\u00bb global_colors_info=\u00bb{}\u00bb][\/et_pb_image][et_pb_image src=\u00bbhttps:\/\/elpazoworkshop.com\/wp-content\/uploads\/2025\/01\/flores.png\u00bb title_text=\u00bbflores\u00bb disabled_on=\u00bboff|off|on\u00bb _builder_version=\u00bb4.27.4&#8243; _module_preset=\u00bbdefault\u00bb global_colors_info=\u00bb{}\u00bb][\/et_pb_image][\/et_pb_column][et_pb_column type=\u00bb1_3&#8243; _builder_version=\u00bb4.27.4&#8243; _module_preset=\u00bbdefault\u00bb custom_padding=\u00bb65px||65px||true|false\u00bb custom_padding_tablet=\u00bb65px||65px||true|false\u00bb custom_padding_phone=\u00bb65px||65px||true|false\u00bb custom_padding_last_edited=\u00bbon|desktop\u00bb animation_style=\u00bbslide\u00bb animation_direction=\u00bbright\u00bb global_colors_info=\u00bb{}\u00bb][et_pb_text module_id=\u00bbcontacto\u00bb _builder_version=\u00bb4.27.4&#8243; _module_preset=\u00bb_initial\u00bb header_font=\u00bbBlack Mango||||||||\u00bb header_2_font=\u00bbBlack Mango||||||||\u00bb header_2_font_size=\u00bb60px\u00bb header_2_line_height=\u00bb1.2em\u00bb header_3_font=\u00bbKiona||||||||\u00bb animation_style=\u00bbslide\u00bb animation_direction=\u00bbtop\u00bb animation_duration=\u00bb750ms\u00bb header_2_font_size_tablet=\u00bb32px\u00bb header_2_font_size_phone=\u00bb45px\u00bb header_2_font_size_last_edited=\u00bbon|phone\u00bb header_3_font_size_tablet=\u00bb\u00bb header_3_font_size_phone=\u00bb21px\u00bb header_3_font_size_last_edited=\u00bbon|phone\u00bb global_colors_info=\u00bb{}\u00bb]<\/p>\n<h2><i>Contacto<\/i><\/h2>\n<h3><b>Flores + Artesania.<\/b><\/h3>\n<p><b><\/b><\/p>\n<p>[\/et_pb_text][et_pb_text _builder_version=\u00bb4.27.4&#8243; _module_preset=\u00bb_initial\u00bb header_font=\u00bbKiona||||||||\u00bb header_4_font=\u00bbKiona||||||||\u00bb header_4_text_color=\u00bbgcid-5b291cc9-df1d-4b6e-9bdc-386dacc5279f\u00bb header_4_font_size=\u00bb20px\u00bb header_4_line_height=\u00bb1.4em\u00bb custom_margin=\u00bb40px||0px||false|false\u00bb header_4_font_size_tablet=\u00bb18px\u00bb header_4_font_size_phone=\u00bb17px\u00bb header_4_font_size_last_edited=\u00bbon|tablet\u00bb locked=\u00bboff\u00bb global_colors_info=\u00bb{%22gcid-5b291cc9-df1d-4b6e-9bdc-386dacc5279f%22:%91%22header_4_text_color%22%93}\u00bb]<\/p>\n<h4>Tel\u00e9fono de contacto<\/h4>\n<p>[\/et_pb_text][et_pb_text _builder_version=\u00bb4.27.4&#8243; _module_preset=\u00bb_initial\u00bb text_font=\u00bbInter||||||||\u00bb text_text_color=\u00bbgcid-fa957022-7f68-4c63-9382-2437a00591d9&#8243; text_line_height=\u00bb1.8em\u00bb custom_margin=\u00bb||10px||false|false\u00bb header_font_size_tablet=\u00bb55px\u00bb header_font_size_last_edited=\u00bboff|desktop\u00bb locked=\u00bboff\u00bb global_colors_info=\u00bb{%22gcid-fa957022-7f68-4c63-9382-2437a00591d9%22:%91%22text_text_color%22%93}\u00bb]<\/p>\n<p><a href=\"tel:+34605807174\">+34 605 807 174<\/a><\/p>\n<p>[\/et_pb_text][et_pb_text _builder_version=\u00bb4.27.4&#8243; _module_preset=\u00bb_initial\u00bb header_font=\u00bb||||||||\u00bb header_4_font=\u00bbKiona||||||||\u00bb header_4_text_color=\u00bbgcid-5b291cc9-df1d-4b6e-9bdc-386dacc5279f\u00bb header_4_font_size=\u00bb20px\u00bb header_4_line_height=\u00bb1.4em\u00bb custom_margin=\u00bb40px||0px||false|false\u00bb header_4_font_size_tablet=\u00bb18px\u00bb header_4_font_size_phone=\u00bb17px\u00bb header_4_font_size_last_edited=\u00bbon|tablet\u00bb locked=\u00bboff\u00bb global_colors_info=\u00bb{%22gcid-5b291cc9-df1d-4b6e-9bdc-386dacc5279f%22:%91%22header_4_text_color%22%93}\u00bb]<\/p>\n<h4>Correo<\/h4>\n<p>[\/et_pb_text][et_pb_text _builder_version=\u00bb4.27.4&#8243; _module_preset=\u00bb_initial\u00bb text_font=\u00bbInter||||||||\u00bb text_text_color=\u00bbgcid-fa957022-7f68-4c63-9382-2437a00591d9&#8243; text_line_height=\u00bb1.8em\u00bb custom_margin=\u00bb||10px||false|false\u00bb header_font_size_tablet=\u00bb55px\u00bb header_font_size_last_edited=\u00bboff|desktop\u00bb locked=\u00bboff\u00bb global_colors_info=\u00bb{%22gcid-fa957022-7f68-4c63-9382-2437a00591d9%22:%91%22text_text_color%22%93}\u00bb]<\/p>\n<p class=\"p1\"><a href=\"mailto:info@elpazoworkshop.com\" target=\"_blank\" rel=\"noopener\">info@elpazoworkshop.com<\/a><\/p>\n<p>[\/et_pb_text][et_pb_text _builder_version=\u00bb4.27.4&#8243; _module_preset=\u00bb_initial\u00bb header_font=\u00bb||||||||\u00bb header_4_font=\u00bbKiona||||||||\u00bb header_4_text_color=\u00bbgcid-5b291cc9-df1d-4b6e-9bdc-386dacc5279f\u00bb header_4_font_size=\u00bb20px\u00bb header_4_line_height=\u00bb1.4em\u00bb custom_margin=\u00bb40px||0px||false|false\u00bb header_4_font_size_tablet=\u00bb18px\u00bb header_4_font_size_phone=\u00bb17px\u00bb header_4_font_size_last_edited=\u00bbon|tablet\u00bb locked=\u00bboff\u00bb global_colors_info=\u00bb{%22gcid-5b291cc9-df1d-4b6e-9bdc-386dacc5279f%22:%91%22header_4_text_color%22%93}\u00bb]<\/p>\n<h4>Instagram<\/h4>\n<p>[\/et_pb_text][et_pb_text _builder_version=\u00bb4.27.4&#8243; _module_preset=\u00bb_initial\u00bb text_font=\u00bbInter||||||||\u00bb text_text_color=\u00bbgcid-fa957022-7f68-4c63-9382-2437a00591d9&#8243; text_line_height=\u00bb1.8em\u00bb custom_margin=\u00bb||10px||false|false\u00bb header_font_size_tablet=\u00bb55px\u00bb header_font_size_last_edited=\u00bboff|desktop\u00bb locked=\u00bboff\u00bb global_colors_info=\u00bb{%22gcid-fa957022-7f68-4c63-9382-2437a00591d9%22:%91%22text_text_color%22%93}\u00bb]<\/p>\n<p class=\"p1\"><a href=\"https:\/\/www.instagram.com\/elpazoworkshop\/\" target=\"_blank\" rel=\"noopener\">@elpazoworkshop<\/a><\/p>\n<p>[\/et_pb_text][\/et_pb_column][\/et_pb_row][\/et_pb_section]<\/p>\n","protected":false},"excerpt":{"rendered":"<p>EL PAZO Una Fusi\u00f3n de Creatividad y Tradici\u00f3n En este workshop, invitamos a los participantes a sumergirse en un universo donde el arte floral y la artesan\u00eda dialogan, se entrelazan y cobran vida.Esta experiencia busca celebrar la riqueza de ambas disciplinas, explorando sus conexiones desde una perspectiva creativa y contempor\u00e1nea.Est\u00e1 dise\u00f1ado para aquellos que buscan [&hellip;]<\/p>\n","protected":false},"author":1,"featured_media":0,"parent":0,"menu_order":0,"comment_status":"closed","ping_status":"closed","template":"","meta":{"_et_pb_use_builder":"on","_et_pb_old_content":"<!-- wp:paragraph -->\n<p>This is an example page. It's different from a blog post because it will stay in one place and will show up in your site navigation (in most themes). Most people start with an About page that introduces them to potential site visitors. It might say something like this:<\/p>\n<!-- \/wp:paragraph -->\n\n<!-- wp:quote -->\n<blockquote class=\"wp-block-quote\"><p>Hi there! I'm a bike messenger by day, aspiring actor by night, and this is my website. I live in Los Angeles, have a great dog named Jack, and I like pi&#241;a coladas. (And gettin' caught in the rain.)<\/p><\/blockquote>\n<!-- \/wp:quote -->\n\n<!-- wp:paragraph -->\n<p>...or something like this:<\/p>\n<!-- \/wp:paragraph -->\n\n<!-- wp:quote -->\n<blockquote class=\"wp-block-quote\"><p>The XYZ Doohickey Company was founded in 1971, and has been providing quality doohickeys to the public ever since. Located in Gotham City, XYZ employs over 2,000 people and does all kinds of awesome things for the Gotham community.<\/p><\/blockquote>\n<!-- \/wp:quote -->\n\n<!-- wp:paragraph -->\n<p>As a new WordPress user, you should go to <a href=\"http:\/\/elpazoworkshop.com\/wp-admin\/\">your dashboard<\/a> to delete this page and create new pages for your content. Have fun!<\/p>\n<!-- \/wp:paragraph -->","_et_gb_content_width":"","footnotes":""},"class_list":["post-2","page","type-page","status-publish","hentry"],"jetpack_sharing_enabled":true,"_links":{"self":[{"href":"https:\/\/elpazoworkshop.com\/index.php\/wp-json\/wp\/v2\/pages\/2","targetHints":{"allow":["GET"]}}],"collection":[{"href":"https:\/\/elpazoworkshop.com\/index.php\/wp-json\/wp\/v2\/pages"}],"about":[{"href":"https:\/\/elpazoworkshop.com\/index.php\/wp-json\/wp\/v2\/types\/page"}],"author":[{"embeddable":true,"href":"https:\/\/elpazoworkshop.com\/index.php\/wp-json\/wp\/v2\/users\/1"}],"replies":[{"embeddable":true,"href":"https:\/\/elpazoworkshop.com\/index.php\/wp-json\/wp\/v2\/comments?post=2"}],"version-history":[{"count":82,"href":"https:\/\/elpazoworkshop.com\/index.php\/wp-json\/wp\/v2\/pages\/2\/revisions"}],"predecessor-version":[{"id":528,"href":"https:\/\/elpazoworkshop.com\/index.php\/wp-json\/wp\/v2\/pages\/2\/revisions\/528"}],"wp:attachment":[{"href":"https:\/\/elpazoworkshop.com\/index.php\/wp-json\/wp\/v2\/media?parent=2"}],"curies":[{"name":"wp","href":"https:\/\/api.w.org\/{rel}","templated":true}]}}